{"id":40,"date":"2023-10-27T12:28:52","date_gmt":"2023-10-27T10:28:52","guid":{"rendered":"https:\/\/xestadem.com\/?page_id=40"},"modified":"2024-03-19T11:19:39","modified_gmt":"2024-03-19T10:19:39","slug":"la-firma","status":"publish","type":"page","link":"https:\/\/xestadem.com\/en\/la-firma\/","title":{"rendered":"La firma"},"content":{"rendered":"<p>[et_pb_section fb_built=\u00bb1&#8243; admin_label=\u00bbCabecera\u00bb module_class=\u00bbds-vertical-align\u00bb _builder_version=\u00bb4.23&#8243; _module_preset=\u00bbdefault\u00bb background_enable_color=\u00bboff\u00bb use_background_color_gradient=\u00bbon\u00bb background_color_gradient_stops=\u00bbrgba(255,255,255,0) 26%|rgba(24,29,35,0.64) 100%\u00bb background_color_gradient_overlays_image=\u00bbon\u00bb background_image=\u00bbhttps:\/\/xestadem.com\/wp-content\/uploads\/2024\/03\/Xestadem-cabecero-seccion.jpg\u00bb background_position=\u00bbbottom_left\u00bb background_horizontal_offset=\u00bb23%\u00bb background_vertical_offset=\u00bb30%\u00bb positioning=\u00bbnone\u00bb height=\u00bb320px\u00bb custom_margin=\u00bb||||false|false\u00bb global_module=\u00bb170&#8243; saved_tabs=\u00bball\u00bb locked=\u00bboff\u00bb global_colors_info=\u00bb{}\u00bb][et_pb_row _builder_version=\u00bb4.23&#8243; _module_preset=\u00bbdefault\u00bb width=\u00bb70%\u00bb width_tablet=\u00bb70%\u00bb width_phone=\u00bb90%\u00bb width_last_edited=\u00bbon|phone\u00bb global_colors_info=\u00bb{}\u00bb][et_pb_column type=\u00bb4_4&#8243; _builder_version=\u00bb4.23&#8243; _module_preset=\u00bbdefault\u00bb global_colors_info=\u00bb{}\u00bb][et_pb_heading title=\u00bb@ET-DC@eyJkeW5hbWljIjp0cnVlLCJjb250ZW50IjoicG9zdF90aXRsZSIsInNldHRpbmdzIjp7ImJlZm9yZSI6IiIsImFmdGVyIjoiIn19@\u00bb _builder_version=\u00bb4.23&#8243; _dynamic_attributes=\u00bbtitle\u00bb _module_preset=\u00bbdefault\u00bb title_font=\u00bb|800||on|||||\u00bb title_text_color=\u00bb#FFFFFF\u00bb custom_margin=\u00bb10%||||false|false\u00bb title_text_shadow_style=\u00bbpreset2&#8243; locked=\u00bboff\u00bb global_colors_info=\u00bb{}\u00bb][\/et_pb_heading][\/et_pb_column][\/et_pb_row][\/et_pb_section][et_pb_section fb_built=\u00bb1&#8243; custom_padding_last_edited=\u00bbon|phone\u00bb _builder_version=\u00bb4.23&#8243; _module_preset=\u00bbdefault\u00bb custom_padding_tablet=\u00bb\u00bb custom_padding_phone=\u00bb0px||||false|false\u00bb global_colors_info=\u00bb{}\u00bb][et_pb_row column_structure=\u00bb2_5,3_5&#8243; use_custom_gutter=\u00bbon\u00bb gutter_width=\u00bb1&#8243; make_equal=\u00bbon\u00bb disabled_on=\u00bboff|off|off\u00bb _builder_version=\u00bb4.23&#8243; _module_preset=\u00bbdefault\u00bb width_tablet=\u00bb70%\u00bb width_phone=\u00bb100%\u00bb width_last_edited=\u00bbon|phone\u00bb max_width_tablet=\u00bb\u00bb max_width_phone=\u00bb90%\u00bb max_width_last_edited=\u00bbon|phone\u00bb locked=\u00bboff\u00bb global_colors_info=\u00bb{}\u00bb][et_pb_column type=\u00bb2_5&#8243; _builder_version=\u00bb4.23&#8243; _module_preset=\u00bbdefault\u00bb global_colors_info=\u00bb{}\u00bb][et_pb_image src=\u00bbhttps:\/\/xestadem.com\/wp-content\/uploads\/2024\/03\/xestaden-entrada.png\u00bb title_text=\u00bbxestaden-entrada\u00bb _builder_version=\u00bb4.23&#8243; _module_preset=\u00bbdefault\u00bb max_width=\u00bb50%\u00bb custom_padding=\u00bb10px||10px||true|true\u00bb box_shadow_style=\u00bbpreset1&#8243; box_shadow_vertical=\u00bb0px\u00bb box_shadow_blur=\u00bb11px\u00bb box_shadow_spread=\u00bb-2px\u00bb global_colors_info=\u00bb{}\u00bb][\/et_pb_image][et_pb_text content_tablet=\u00bb<\/p>\n<h3>Desde<\/h3>\n<h2>1995<\/h2>\n<p>\u00bb content_phone=\u00bb<\/p>\n<h3>Desde<\/h3>\n<h2>1995<\/h2>\n<p>\u00bb content_last_edited=\u00bbon|tablet\u00bb _builder_version=\u00bb4.23&#8243; _module_preset=\u00bbdefault\u00bb custom_margin=\u00bb||0px||false|false\u00bb custom_padding=\u00bb||||false|false\u00bb global_colors_info=\u00bb{}\u00bb]<\/p>\n<h3>Desde<\/h3>\n<h2>1995<\/h2>\n<p>[\/et_pb_text][et_pb_divider color=\u00bb#C0CDD5&#8243; divider_weight=\u00bb160px\u00bb show_divider_tablet=\u00bboff\u00bb show_divider_phone=\u00bboff\u00bb show_divider_last_edited=\u00bbon|phone\u00bb _builder_version=\u00bb4.23&#8243; _module_preset=\u00bbdefault\u00bb width=\u00bb2px\u00bb module_alignment=\u00bbleft\u00bb custom_margin=\u00bb||||false|false\u00bb custom_padding=\u00bb|||20px|false|false\u00bb global_colors_info=\u00bb{}\u00bb][\/et_pb_divider][\/et_pb_column][et_pb_column type=\u00bb3_5&#8243; _builder_version=\u00bb4.23&#8243; _module_preset=\u00bbdefault\u00bb custom_css_main_element=\u00bbmargin: auto;\u00bb global_colors_info=\u00bb{}\u00bb][et_pb_text _builder_version=\u00bb4.23&#8243; _module_preset=\u00bbdefault\u00bb hover_enabled=\u00bb0&#8243; global_colors_info=\u00bb{}\u00bb sticky_enabled=\u00bb0&#8243;]<\/p>\n<h1>Servicios legales y fiscales en A Coru\u00f1a: conf\u00eda en nuestros abogados y asesores<\/h1>\n<p>Nuestra firma ha desarrollado una intensa actividad en los campos del Derecho Tributario y Mercantil. Con la sucesiva incorporaci\u00f3n de profesionales de reconocido prestigio, y la absorci\u00f3n de otros despachos de larga tradici\u00f3n en la comunidad gallega, nuestro \u00e1mbito de actuaci\u00f3n se fue ampliando a las otras \u00e1reas del Derecho y de la gesti\u00f3n empresarial.<\/p>\n<p>[\/et_pb_text][\/et_pb_column][\/et_pb_row][et_pb_row column_structure=\u00bb2_5,3_5&#8243; use_custom_gutter=\u00bbon\u00bb gutter_width=\u00bb1&#8243; make_equal=\u00bbon\u00bb disabled_on=\u00bboff|off|off\u00bb _builder_version=\u00bb4.23&#8243; _module_preset=\u00bbdefault\u00bb width_tablet=\u00bb70%\u00bb width_phone=\u00bb100%\u00bb width_last_edited=\u00bbon|phone\u00bb max_width_tablet=\u00bb\u00bb max_width_phone=\u00bb90%\u00bb max_width_last_edited=\u00bbon|phone\u00bb custom_margin=\u00bb70px||||false|false\u00bb custom_padding=\u00bb30px||||false|false\u00bb locked=\u00bboff\u00bb global_colors_info=\u00bb{}\u00bb][et_pb_column type=\u00bb2_5&#8243; _builder_version=\u00bb4.23&#8243; _module_preset=\u00bbdefault\u00bb global_colors_info=\u00bb{}\u00bb][et_pb_text _builder_version=\u00bb4.23&#8243; _module_preset=\u00bbdefault\u00bb custom_margin=\u00bb||0px||false|false\u00bb custom_padding=\u00bb||||false|false\u00bb global_colors_info=\u00bb{}\u00bb]<\/p>\n<h3>Hoy<\/h3>\n<p>[\/et_pb_text][et_pb_divider color=\u00bb#C0CDD5&#8243; divider_weight=\u00bb160px\u00bb show_divider_tablet=\u00bboff\u00bb show_divider_phone=\u00bboff\u00bb show_divider_last_edited=\u00bbon|phone\u00bb _builder_version=\u00bb4.23&#8243; _module_preset=\u00bbdefault\u00bb width=\u00bb2px\u00bb module_alignment=\u00bbleft\u00bb custom_margin=\u00bb||||false|false\u00bb custom_padding=\u00bb|||20px|false|false\u00bb global_colors_info=\u00bb{}\u00bb][\/et_pb_divider][\/et_pb_column][et_pb_column type=\u00bb3_5&#8243; _builder_version=\u00bb4.23&#8243; _module_preset=\u00bbdefault\u00bb custom_css_main_element=\u00bbmargin: auto;\u00bb global_colors_info=\u00bb{}\u00bb][et_pb_text _builder_version=\u00bb4.23&#8243; _module_preset=\u00bbdefault\u00bb hover_enabled=\u00bb0&#8243; global_colors_info=\u00bb{}\u00bb sticky_enabled=\u00bb0&#8243;]<\/p>\n<h2>Asesoramiento jur\u00eddico y fiscal personalizado en A Coru\u00f1a<\/h2>\n<p>Podemos decir que Xestadem es un referente en el asesoramiento integral de empresas, desde todos los campos del Derecho, lo que supone que nuestra visi\u00f3n de las operaciones tenga la necesaria amplitud de miras para llevarlas a buen fin.<\/p>\n<p>[\/et_pb_text][\/et_pb_column][\/et_pb_row][et_pb_row column_structure=\u00bb2_5,3_5&#8243; use_custom_gutter=\u00bbon\u00bb gutter_width=\u00bb1&#8243; make_equal=\u00bbon\u00bb disabled_on=\u00bboff|off|off\u00bb _builder_version=\u00bb4.23&#8243; _module_preset=\u00bbdefault\u00bb width_tablet=\u00bb70%\u00bb width_phone=\u00bb100%\u00bb width_last_edited=\u00bbon|phone\u00bb max_width_tablet=\u00bb\u00bb max_width_phone=\u00bb90%\u00bb max_width_last_edited=\u00bbon|phone\u00bb custom_margin=\u00bb50px||||false|false\u00bb locked=\u00bboff\u00bb global_colors_info=\u00bb{}\u00bb][et_pb_column type=\u00bb2_5&#8243; _builder_version=\u00bb4.23&#8243; _module_preset=\u00bbdefault\u00bb global_colors_info=\u00bb{}\u00bb][et_pb_text _builder_version=\u00bb4.23&#8243; _module_preset=\u00bbdefault\u00bb custom_margin=\u00bb||0px||false|false\u00bb custom_padding=\u00bb||||false|false\u00bb header_3_font_size_tablet=\u00bb\u00bb header_3_font_size_phone=\u00bb18px\u00bb header_3_font_size_last_edited=\u00bbon|phone\u00bb global_colors_info=\u00bb{}\u00bb]<\/p>\n<h3>Reconocimiento<\/h3>\n<p>[\/et_pb_text][\/et_pb_column][et_pb_column type=\u00bb3_5&#8243; _builder_version=\u00bb4.23&#8243; _module_preset=\u00bbdefault\u00bb custom_css_main_element=\u00bbmargin: auto;\u00bb global_colors_info=\u00bb{}\u00bb][et_pb_text _builder_version=\u00bb4.23&#8243; _module_preset=\u00bbdefault\u00bb global_colors_info=\u00bb{}\u00bb]El reconocimiento a nuestra labor profesional est\u00e1 avalado con la firma de diversos acuerdos de colaboraci\u00f3n con entidades de reconocido prestigio en el sector financiero y de seguros, que complementa la oferta de servicios que prestamos.<br \/>\n[\/et_pb_text][\/et_pb_column][\/et_pb_row][\/et_pb_section]<\/p>\n","protected":false},"excerpt":{"rendered":"<p>Desde 1995Servicios legales y fiscales en A Coru\u00f1a: conf\u00eda en nuestros abogados y asesores Nuestra firma ha desarrollado una intensa actividad en los campos del Derecho Tributario y Mercantil. Con la sucesiva incorporaci\u00f3n de profesionales de reconocido prestigio, y la absorci\u00f3n de otros despachos de larga tradici\u00f3n en la comunidad gallega, nuestro \u00e1mbito de actuaci\u00f3n [&hellip;]<\/p>\n","protected":false},"author":3,"featured_media":0,"parent":0,"menu_order":0,"comment_status":"closed","ping_status":"closed","template":"","meta":{"_et_pb_use_builder":"on","_et_pb_old_content":"","_et_gb_content_width":"","footnotes":""},"class_list":["post-40","page","type-page","status-publish","hentry"],"yoast_head":"<!-- This site is optimized with the Yoast SEO plugin v27.0 - https:\/\/yoast.com\/product\/yoast-seo-wordpress\/ -->\n<title>Abogados Coru\u00f1a | Despachos de Abogados en A Coru\u00f1a<\/title>\n<meta name=\"description\" content=\"Despachos de abogados en A Coru\u00f1a: Expertos legales comprometidos en brindar soluciones efectivas para tus necesidades legales. \u00a1Cont\u00e1ctanos ahora!\" \/>\n<meta name=\"robots\" content=\"index, follow, max-snippet:-1, max-image-preview:large, max-video-preview:-1\" \/>\n<link rel=\"canonical\" href=\"https:\/\/xestadem.com\/en\/la-firma\/\" \/>\n<meta property=\"og:locale\" content=\"en_US\" \/>\n<meta property=\"og:type\" content=\"article\" \/>\n<meta property=\"og:title\" content=\"Abogados Coru\u00f1a | Despachos de Abogados en A Coru\u00f1a\" \/>\n<meta property=\"og:description\" content=\"Despachos de abogados en A Coru\u00f1a: Expertos legales comprometidos en brindar soluciones efectivas para tus necesidades legales. \u00a1Cont\u00e1ctanos ahora!\" \/>\n<meta property=\"og:url\" content=\"https:\/\/xestadem.com\/en\/la-firma\/\" \/>\n<meta property=\"og:site_name\" content=\"Xestadem\" \/>\n<meta property=\"article:modified_time\" content=\"2024-03-19T10:19:39+00:00\" \/>\n<meta name=\"twitter:card\" content=\"summary_large_image\" \/>\n<meta name=\"twitter:label1\" content=\"Est. reading time\" \/>\n\t<meta name=\"twitter:data1\" content=\"1 minute\" \/>\n<script type=\"application\/ld+json\" class=\"yoast-schema-graph\">{\"@context\":\"https:\/\/schema.org\",\"@graph\":[{\"@type\":\"WebPage\",\"@id\":\"https:\/\/xestadem.com\/la-firma\/\",\"url\":\"https:\/\/xestadem.com\/la-firma\/\",\"name\":\"Abogados Coru\u00f1a | Despachos de Abogados en A Coru\u00f1a\",\"isPartOf\":{\"@id\":\"https:\/\/xestadem.com\/#website\"},\"datePublished\":\"2023-10-27T10:28:52+00:00\",\"dateModified\":\"2024-03-19T10:19:39+00:00\",\"description\":\"Despachos de abogados en A Coru\u00f1a: Expertos legales comprometidos en brindar soluciones efectivas para tus necesidades legales. \u00a1Cont\u00e1ctanos ahora!\",\"breadcrumb\":{\"@id\":\"https:\/\/xestadem.com\/la-firma\/#breadcrumb\"},\"inLanguage\":\"en-US\",\"potentialAction\":[{\"@type\":\"ReadAction\",\"target\":[\"https:\/\/xestadem.com\/la-firma\/\"]}]},{\"@type\":\"BreadcrumbList\",\"@id\":\"https:\/\/xestadem.com\/la-firma\/#breadcrumb\",\"itemListElement\":[{\"@type\":\"ListItem\",\"position\":1,\"name\":\"Portada\",\"item\":\"https:\/\/xestadem.com\/\"},{\"@type\":\"ListItem\",\"position\":2,\"name\":\"La firma\"}]},{\"@type\":\"WebSite\",\"@id\":\"https:\/\/xestadem.com\/#website\",\"url\":\"https:\/\/xestadem.com\/\",\"name\":\"Xestadem\",\"description\":\"Xesti\u00f3n e Administraci\u00f3n de Empresas\",\"publisher\":{\"@id\":\"https:\/\/xestadem.com\/#organization\"},\"potentialAction\":[{\"@type\":\"SearchAction\",\"target\":{\"@type\":\"EntryPoint\",\"urlTemplate\":\"https:\/\/xestadem.com\/?s={search_term_string}\"},\"query-input\":{\"@type\":\"PropertyValueSpecification\",\"valueRequired\":true,\"valueName\":\"search_term_string\"}}],\"inLanguage\":\"en-US\"},{\"@type\":\"Organization\",\"@id\":\"https:\/\/xestadem.com\/#organization\",\"name\":\"Xestadem\",\"url\":\"https:\/\/xestadem.com\/\",\"logo\":{\"@type\":\"ImageObject\",\"inLanguage\":\"en-US\",\"@id\":\"https:\/\/xestadem.com\/#\/schema\/logo\/image\/\",\"url\":\"https:\/\/xestadem.com\/wp-content\/uploads\/2023\/10\/logo-xestadem.png\",\"contentUrl\":\"https:\/\/xestadem.com\/wp-content\/uploads\/2023\/10\/logo-xestadem.png\",\"width\":280,\"height\":107,\"caption\":\"Xestadem\"},\"image\":{\"@id\":\"https:\/\/xestadem.com\/#\/schema\/logo\/image\/\"}}]}<\/script>\n<!-- \/ Yoast SEO plugin. -->","yoast_head_json":{"title":"Abogados Coru\u00f1a | Despachos de Abogados en A Coru\u00f1a","description":"Despachos de abogados en A Coru\u00f1a: Expertos legales comprometidos en brindar soluciones efectivas para tus necesidades legales. \u00a1Cont\u00e1ctanos ahora!","robots":{"index":"index","follow":"follow","max-snippet":"max-snippet:-1","max-image-preview":"max-image-preview:large","max-video-preview":"max-video-preview:-1"},"canonical":"https:\/\/xestadem.com\/en\/la-firma\/","og_locale":"en_US","og_type":"article","og_title":"Abogados Coru\u00f1a | Despachos de Abogados en A Coru\u00f1a","og_description":"Despachos de abogados en A Coru\u00f1a: Expertos legales comprometidos en brindar soluciones efectivas para tus necesidades legales. \u00a1Cont\u00e1ctanos ahora!","og_url":"https:\/\/xestadem.com\/en\/la-firma\/","og_site_name":"Xestadem","article_modified_time":"2024-03-19T10:19:39+00:00","twitter_card":"summary_large_image","twitter_misc":{"Est. reading time":"1 minute"},"schema":{"@context":"https:\/\/schema.org","@graph":[{"@type":"WebPage","@id":"https:\/\/xestadem.com\/la-firma\/","url":"https:\/\/xestadem.com\/la-firma\/","name":"Abogados Coru\u00f1a | Despachos de Abogados en A Coru\u00f1a","isPartOf":{"@id":"https:\/\/xestadem.com\/#website"},"datePublished":"2023-10-27T10:28:52+00:00","dateModified":"2024-03-19T10:19:39+00:00","description":"Despachos de abogados en A Coru\u00f1a: Expertos legales comprometidos en brindar soluciones efectivas para tus necesidades legales. \u00a1Cont\u00e1ctanos ahora!","breadcrumb":{"@id":"https:\/\/xestadem.com\/la-firma\/#breadcrumb"},"inLanguage":"en-US","potentialAction":[{"@type":"ReadAction","target":["https:\/\/xestadem.com\/la-firma\/"]}]},{"@type":"BreadcrumbList","@id":"https:\/\/xestadem.com\/la-firma\/#breadcrumb","itemListElement":[{"@type":"ListItem","position":1,"name":"Portada","item":"https:\/\/xestadem.com\/"},{"@type":"ListItem","position":2,"name":"La firma"}]},{"@type":"WebSite","@id":"https:\/\/xestadem.com\/#website","url":"https:\/\/xestadem.com\/","name":"Xestadem","description":"Xesti\u00f3n e Administraci\u00f3n de Empresas","publisher":{"@id":"https:\/\/xestadem.com\/#organization"},"potentialAction":[{"@type":"SearchAction","target":{"@type":"EntryPoint","urlTemplate":"https:\/\/xestadem.com\/?s={search_term_string}"},"query-input":{"@type":"PropertyValueSpecification","valueRequired":true,"valueName":"search_term_string"}}],"inLanguage":"en-US"},{"@type":"Organization","@id":"https:\/\/xestadem.com\/#organization","name":"Xestadem","url":"https:\/\/xestadem.com\/","logo":{"@type":"ImageObject","inLanguage":"en-US","@id":"https:\/\/xestadem.com\/#\/schema\/logo\/image\/","url":"https:\/\/xestadem.com\/wp-content\/uploads\/2023\/10\/logo-xestadem.png","contentUrl":"https:\/\/xestadem.com\/wp-content\/uploads\/2023\/10\/logo-xestadem.png","width":280,"height":107,"caption":"Xestadem"},"image":{"@id":"https:\/\/xestadem.com\/#\/schema\/logo\/image\/"}}]}},"_links":{"self":[{"href":"https:\/\/xestadem.com\/en\/wp-json\/wp\/v2\/pages\/40","targetHints":{"allow":["GET"]}}],"collection":[{"href":"https:\/\/xestadem.com\/en\/wp-json\/wp\/v2\/pages"}],"about":[{"href":"https:\/\/xestadem.com\/en\/wp-json\/wp\/v2\/types\/page"}],"author":[{"embeddable":true,"href":"https:\/\/xestadem.com\/en\/wp-json\/wp\/v2\/users\/3"}],"replies":[{"embeddable":true,"href":"https:\/\/xestadem.com\/en\/wp-json\/wp\/v2\/comments?post=40"}],"version-history":[{"count":52,"href":"https:\/\/xestadem.com\/en\/wp-json\/wp\/v2\/pages\/40\/revisions"}],"predecessor-version":[{"id":806,"href":"https:\/\/xestadem.com\/en\/wp-json\/wp\/v2\/pages\/40\/revisions\/806"}],"wp:attachment":[{"href":"https:\/\/xestadem.com\/en\/wp-json\/wp\/v2\/media?parent=40"}],"curies":[{"name":"wp","href":"https:\/\/api.w.org\/{rel}","templated":true}]}}