{"id":44,"date":"2023-10-27T12:29:36","date_gmt":"2023-10-27T10:29:36","guid":{"rendered":"https:\/\/xestadem.com\/?page_id=44"},"modified":"2025-07-08T14:50:31","modified_gmt":"2025-07-08T12:50:31","slug":"equipo","status":"publish","type":"page","link":"https:\/\/xestadem.com\/en\/equipo\/","title":{"rendered":"Equipo"},"content":{"rendered":"<p>[et_pb_section fb_built=\u00bb1&#8243; admin_label=\u00bbCabecera\u00bb module_class=\u00bbds-vertical-align\u00bb _builder_version=\u00bb4.23&#8243; _module_preset=\u00bbdefault\u00bb background_enable_color=\u00bboff\u00bb use_background_color_gradient=\u00bbon\u00bb background_color_gradient_stops=\u00bbrgba(255,255,255,0) 26%|rgba(24,29,35,0.64) 100%\u00bb background_color_gradient_overlays_image=\u00bbon\u00bb background_image=\u00bbhttps:\/\/xestadem.com\/wp-content\/uploads\/2024\/03\/Xestadem-cabecero-seccion.jpg\u00bb background_position=\u00bbbottom_left\u00bb background_horizontal_offset=\u00bb23%\u00bb background_vertical_offset=\u00bb30%\u00bb positioning=\u00bbnone\u00bb height=\u00bb320px\u00bb custom_margin=\u00bb||||false|false\u00bb global_module=\u00bb170&#8243; saved_tabs=\u00bball\u00bb locked=\u00bboff\u00bb global_colors_info=\u00bb{}\u00bb][et_pb_row _builder_version=\u00bb4.23&#8243; _module_preset=\u00bbdefault\u00bb width=\u00bb70%\u00bb width_tablet=\u00bb70%\u00bb width_phone=\u00bb90%\u00bb width_last_edited=\u00bbon|phone\u00bb global_colors_info=\u00bb{}\u00bb][et_pb_column type=\u00bb4_4&#8243; _builder_version=\u00bb4.23&#8243; _module_preset=\u00bbdefault\u00bb global_colors_info=\u00bb{}\u00bb][et_pb_heading title=\u00bb@ET-DC@eyJkeW5hbWljIjp0cnVlLCJjb250ZW50IjoicG9zdF90aXRsZSIsInNldHRpbmdzIjp7ImJlZm9yZSI6IiIsImFmdGVyIjoiIn19@\u00bb _builder_version=\u00bb4.23&#8243; _dynamic_attributes=\u00bbtitle\u00bb _module_preset=\u00bbdefault\u00bb title_font=\u00bb|800||on|||||\u00bb title_text_color=\u00bb#FFFFFF\u00bb custom_margin=\u00bb10%||||false|false\u00bb title_text_shadow_style=\u00bbpreset2&#8243; locked=\u00bboff\u00bb global_colors_info=\u00bb{}\u00bb][\/et_pb_heading][\/et_pb_column][\/et_pb_row][\/et_pb_section][et_pb_section fb_built=\u00bb1&#8243; _builder_version=\u00bb4.23&#8243; _module_preset=\u00bbdefault\u00bb global_colors_info=\u00bb{}\u00bb][et_pb_row column_structure=\u00bb1_2,1_2&#8243; use_custom_gutter=\u00bbon\u00bb gutter_width=\u00bb1&#8243; make_equal=\u00bbon\u00bb _builder_version=\u00bb4.23&#8243; _module_preset=\u00bbdefault\u00bb width_tablet=\u00bb70%\u00bb width_phone=\u00bb80%\u00bb width_last_edited=\u00bbon|phone\u00bb locked=\u00bboff\u00bb global_colors_info=\u00bb{}\u00bb][et_pb_column type=\u00bb1_2&#8243; _builder_version=\u00bb4.23&#8243; _module_preset=\u00bbdefault\u00bb global_colors_info=\u00bb{}\u00bb][et_pb_text _builder_version=\u00bb4.23&#8243; _module_preset=\u00bbdefault\u00bb custom_margin=\u00bb||0px||false|false\u00bb custom_padding=\u00bb||||false|false\u00bb global_colors_info=\u00bb{}\u00bb]<\/p>\n<h3>Nuestros<\/h3>\n<h2>profesionales<\/h2>\n<p>[\/et_pb_text][et_pb_divider color=\u00bb#C0CDD5&#8243; divider_weight=\u00bb160px\u00bb show_divider_tablet=\u00bboff\u00bb show_divider_phone=\u00bboff\u00bb show_divider_last_edited=\u00bbon|phone\u00bb _builder_version=\u00bb4.23&#8243; _module_preset=\u00bbdefault\u00bb width=\u00bb2px\u00bb module_alignment=\u00bbleft\u00bb custom_margin=\u00bb||||false|false\u00bb custom_padding=\u00bb|||20px|false|false\u00bb global_colors_info=\u00bb{}\u00bb][\/et_pb_divider][\/et_pb_column][et_pb_column type=\u00bb1_2&#8243; _builder_version=\u00bb4.23&#8243; _module_preset=\u00bbdefault\u00bb custom_css_main_element=\u00bbmargin: auto;\u00bb global_colors_info=\u00bb{}\u00bb][et_pb_text _builder_version=\u00bb4.23&#8243; _module_preset=\u00bbdefault\u00bb global_colors_info=\u00bb{}\u00bb]<\/p>\n<h1>Despacho de abogados y asesores en A Coru\u00f1a: Xestadem, tu equipo legal y fiscal confiable<\/h1>\n<p>La sucesiva incorporaci\u00f3n de profesionales de reconocido prestigio, y la absorci\u00f3n de otros despachos de larga tradici\u00f3n en la comunidad gallega, nuestro \u00e1mbito de actuaci\u00f3n se fue ampliando la otras \u00e1reas del Derecho y de la gesti\u00f3n empresarial.<\/p>\n<div id=\"gtx-trans\" style=\"position: absolute; left: 59px; top: 55px;\">\n<div class=\"gtx-trans-icon\">\u00a0<\/div>\n<\/div>\n<p>[\/et_pb_text][\/et_pb_column][\/et_pb_row][\/et_pb_section][et_pb_section fb_built=\u00bb1&#8243; module_id=\u00bbequipo_xestadem\u00bb _builder_version=\u00bb4.23&#8243; _module_preset=\u00bbdefault\u00bb custom_margin=\u00bb||||false|false\u00bb custom_padding=\u00bb0px||||false|false\u00bb locked=\u00bboff\u00bb global_colors_info=\u00bb{}\u00bb][et_pb_row column_structure=\u00bb2_5,3_5&#8243; use_custom_gutter=\u00bbon\u00bb gutter_width=\u00bb1&#8243; make_equal=\u00bbon\u00bb _builder_version=\u00bb4.23&#8243; _module_preset=\u00bbdefault\u00bb width_tablet=\u00bb70%\u00bb width_phone=\u00bb80%\u00bb width_last_edited=\u00bbon|phone\u00bb global_colors_info=\u00bb{}\u00bb][et_pb_column type=\u00bb2_5&#8243; _builder_version=\u00bb4.23&#8243; _module_preset=\u00bbdefault\u00bb global_colors_info=\u00bb{}\u00bb][et_pb_text _builder_version=\u00bb4.23&#8243; _module_preset=\u00bbdefault\u00bb global_colors_info=\u00bb{}\u00bb]<\/p>\n<h2 style=\"text-align: left;\">Nuestro despacho de abogados y asesores en A Coru\u00f1a<\/h2>\n<div id=\"gtx-trans\" style=\"position: absolute; left: 149px; top: 72.5781px;\">\n<div class=\"gtx-trans-icon\">\u00a0<\/div>\n<\/div>\n<p>[\/et_pb_text][\/et_pb_column][et_pb_column type=\u00bb3_5&#8243; _builder_version=\u00bb4.23&#8243; _module_preset=\u00bbdefault\u00bb custom_css_main_element=\u00bbmargin: auto;\u00bb global_colors_info=\u00bb{}\u00bb][et_pb_divider color=\u00bb#C0CDD5&#8243; divider_position=\u00bbcenter\u00bb divider_weight=\u00bb2px\u00bb _builder_version=\u00bb4.23&#8243; _module_preset=\u00bbdefault\u00bb custom_padding=\u00bb|||20px|false|false\u00bb global_colors_info=\u00bb{}\u00bb][\/et_pb_divider][\/et_pb_column][\/et_pb_row][et_pb_row column_structure=\u00bb1_3,1_3,1_3&#8243; make_equal=\u00bbon\u00bb module_class=\u00bbrow-equipo\u00bb _builder_version=\u00bb4.23&#8243; _module_preset=\u00bbdefault\u00bb custom_margin=\u00bb0px||60px||false|false\u00bb custom_padding=\u00bb0px||0px||false|false\u00bb global_colors_info=\u00bb{}\u00bb][et_pb_column type=\u00bb1_3&#8243; _builder_version=\u00bb4.23&#8243; _module_preset=\u00bbdefault\u00bb background_color=\u00bbrgba(192,205,213,0.1)\u00bb custom_padding=\u00bb2vw|2vw|2vw|2vw|true|true\u00bb global_colors_info=\u00bb{}\u00bb][et_pb_text module_class=\u00bbbloque-nombre\u00bb _builder_version=\u00bb4.23&#8243; _module_preset=\u00bbdefault\u00bb text_text_color=\u00bb#77868E\u00bb header_text_color=\u00bb#EF3A2E\u00bb header_2_text_color=\u00bb#EF3A2E\u00bb header_3_text_color=\u00bb#EF3A2E\u00bb header_4_text_color=\u00bb#EF3A2E\u00bb header_5_text_color=\u00bb#EF3A2E\u00bb header_6_text_color=\u00bb#EF3A2E\u00bb text_orientation=\u00bbcenter\u00bb custom_margin=\u00bb0px||10px||false|false\u00bb custom_padding=\u00bb0px||0px||false|false\u00bb global_colors_info=\u00bb{}\u00bb]<\/p>\n<h4>Francisco Xos\u00e9 Fern\u00e1ndez P\u00e9rez<\/h4>\n<p>[\/et_pb_text][et_pb_text module_class=\u00bbbloque-puesto\u00bb _builder_version=\u00bb4.23&#8243; _module_preset=\u00bbdefault\u00bb text_text_color=\u00bb#181D23&#8243; header_text_color=\u00bb#EF3A2E\u00bb header_2_text_color=\u00bb#EF3A2E\u00bb header_3_text_color=\u00bb#EF3A2E\u00bb header_4_text_color=\u00bb#EF3A2E\u00bb header_5_text_color=\u00bb#EF3A2E\u00bb header_6_text_color=\u00bb#EF3A2E\u00bb text_orientation=\u00bbcenter\u00bb custom_margin=\u00bb0px||0px||false|false\u00bb custom_padding=\u00bb0px||0px||false|false\u00bb global_colors_info=\u00bb{}\u00bb]<\/p>\n<p>Socio fundador. Abogado. Gestor Administrativo. Administrador de Fincas. M\u00e1ster en Asesor\u00eda Fiscal. Ex Profesor de la Universidad de A Coru\u00f1a. Ponente en el M\u00e1ster de Direcci\u00f3n Financiera de I.F.F.E Business School, as\u00ed como de multitud de cursos y seminarios. <\/p>\n<p>[\/et_pb_text][et_pb_text module_class=\u00bbbloque-especialidad\u00bb _builder_version=\u00bb4.23&#8243; _module_preset=\u00bbdefault\u00bb text_text_color=\u00bb#77868E\u00bb header_text_color=\u00bb#EF3A2E\u00bb header_2_text_color=\u00bb#EF3A2E\u00bb header_3_text_color=\u00bb#EF3A2E\u00bb header_4_text_color=\u00bb#EF3A2E\u00bb header_5_text_color=\u00bb#EF3A2E\u00bb header_6_text_color=\u00bb#EF3A2E\u00bb text_orientation=\u00bbcenter\u00bb custom_margin=\u00bb0px||24px||false|false\u00bb custom_padding=\u00bb0px||0px||false|false\u00bb global_colors_info=\u00bb{}\u00bb]<\/p>\n<p>Especialidades: Derecho Tributario y Mercantil.<\/p>\n<p>[\/et_pb_text][et_pb_toggle title=\u00bbM\u00e1s informaci\u00f3n\u00bb open_toggle_text_color=\u00bb#181D23&#8243; open_toggle_background_color=\u00bb#FFFFFF\u00bb closed_toggle_background_color=\u00bbrgba(192,205,213,0.3)\u00bb icon_color=\u00bb#77868E\u00bb toggle_icon=\u00bb&#x22;||divi||400&#8243; open_icon_color=\u00bb#77868E\u00bb open_toggle_icon=\u00bb&#x21;||divi||400&#8243; module_class=\u00bbbloque conmutador\u00bb _builder_version=\u00bb4.23&#8243; _module_preset=\u00bbdefault\u00bb title_text_color=\u00bb#181D23&#8243; title_level=\u00bbh6&#8243; title_font=\u00bb|700||on|||||\u00bb title_font_size=\u00bb1rem\u00bb body_font_size=\u00bb1.1rem\u00bb body_line_height=\u00bb150%\u00bb custom_margin=\u00bb0px||0px||false|false\u00bb custom_padding=\u00bb10px|15px|10px|15px|false|false\u00bb border_color_all=\u00bb#C0CDD5&#8243; global_colors_info=\u00bb{}\u00bb]<\/p>\n<p>Gestor Administrativo. Administrador de Fincas. M\u00e1ster en Asesor\u00eda Fiscal. Ex Profesor Asociado de la Universidad de A Coru\u00f1a. Ponente en el M\u00e1ster de Direcci\u00f3n Financiera de I.F.F.E Business School, as\u00ed como de multitud de cursos y seminarios. Referente en el \u00e1mbito del asesoramiento tributario tras m\u00e1s de 25 a\u00f1os de dedicaci\u00f3n al mismo, con la resoluci\u00f3n de algunos de los procedimientos tributarios m\u00e1s importantes de nuestra Comunidad Aut\u00f3noma. Asimismo asesora a algunos de los grandes patrimonios de nuestro territorio.<\/p>\n<p>[\/et_pb_toggle][\/et_pb_column][et_pb_column type=\u00bb1_3&#8243; _builder_version=\u00bb4.23&#8243; _module_preset=\u00bbdefault\u00bb background_color=\u00bbrgba(192,205,213,0.1)\u00bb custom_padding=\u00bb2vw|2vw|2vw|2vw|true|true\u00bb global_colors_info=\u00bb{}\u00bb][et_pb_text module_class=\u00bbbloque-nombre\u00bb _builder_version=\u00bb4.23&#8243; _module_preset=\u00bbdefault\u00bb text_text_color=\u00bb#77868E\u00bb header_text_color=\u00bb#EF3A2E\u00bb header_2_text_color=\u00bb#EF3A2E\u00bb header_3_text_color=\u00bb#EF3A2E\u00bb header_4_text_color=\u00bb#EF3A2E\u00bb header_5_text_color=\u00bb#EF3A2E\u00bb header_6_text_color=\u00bb#EF3A2E\u00bb text_orientation=\u00bbcenter\u00bb custom_margin=\u00bb0px||10px||false|false\u00bb custom_padding=\u00bb0px||0px||false|false\u00bb global_colors_info=\u00bb{}\u00bb]<\/p>\n<h4>Miguel \u00c1ngel Mart\u00edn Trillo<\/h4>\n<p>[\/et_pb_text][et_pb_text module_class=\u00bbbloque-puesto\u00bb _builder_version=\u00bb4.23&#8243; _module_preset=\u00bbdefault\u00bb text_text_color=\u00bb#181D23&#8243; header_text_color=\u00bb#EF3A2E\u00bb header_2_text_color=\u00bb#EF3A2E\u00bb header_3_text_color=\u00bb#EF3A2E\u00bb header_4_text_color=\u00bb#EF3A2E\u00bb header_5_text_color=\u00bb#EF3A2E\u00bb header_6_text_color=\u00bb#EF3A2E\u00bb text_orientation=\u00bbcenter\u00bb custom_margin=\u00bb0px||0px||false|false\u00bb custom_padding=\u00bb0px||0px||false|false\u00bb global_colors_info=\u00bb{}\u00bb]<\/p>\n<p>Abogado. Opositor a la carrera judicial, acumula m\u00e1s de 30 a\u00f1os de experiencia multidisciplinar. <\/p>\n<p>[\/et_pb_text][et_pb_text module_class=\u00bbbloque-especialidad\u00bb _builder_version=\u00bb4.23&#8243; _module_preset=\u00bbdefault\u00bb text_text_color=\u00bb#77868E\u00bb header_text_color=\u00bb#EF3A2E\u00bb header_2_text_color=\u00bb#EF3A2E\u00bb header_3_text_color=\u00bb#EF3A2E\u00bb header_4_text_color=\u00bb#EF3A2E\u00bb header_5_text_color=\u00bb#EF3A2E\u00bb header_6_text_color=\u00bb#EF3A2E\u00bb text_orientation=\u00bbcenter\u00bb custom_margin=\u00bb0px||24px||false|false\u00bb custom_padding=\u00bb0px||0px||false|false\u00bb global_colors_info=\u00bb{}\u00bb]<\/p>\n<p> Especialidades: Derecho Civil y Penal.<\/p>\n<p>[\/et_pb_text][et_pb_toggle title=\u00bbM\u00e1s informaci\u00f3n\u00bb open_toggle_text_color=\u00bb#181D23&#8243; open_toggle_background_color=\u00bb#FFFFFF\u00bb closed_toggle_background_color=\u00bbrgba(192,205,213,0.3)\u00bb icon_color=\u00bb#77868E\u00bb toggle_icon=\u00bb&#x22;||divi||400&#8243; open_icon_color=\u00bb#77868E\u00bb open_toggle_icon=\u00bb&#x21;||divi||400&#8243; module_class=\u00bbbloque conmutador\u00bb _builder_version=\u00bb4.23&#8243; _module_preset=\u00bbdefault\u00bb title_text_color=\u00bb#181D23&#8243; title_level=\u00bbh6&#8243; title_font=\u00bb|700||on|||||\u00bb title_font_size=\u00bb1rem\u00bb body_font_size=\u00bb1.1rem\u00bb body_line_height=\u00bb150%\u00bb custom_margin=\u00bb0px||0px||false|false\u00bb custom_padding=\u00bb10px|15px|10px|15px|false|false\u00bb border_color_all=\u00bb#C0CDD5&#8243; global_colors_info=\u00bb{}\u00bb]<\/p>\n<p>Prepar\u00f3 oposiciones a Judicatura y, tras realizar pr\u00e1cticas como Procurador de los Tribunales, acumula actualmente m\u00e1s de 25 a\u00f1os de experiencia como abogado. Cuenta con una amplia experiencia en el \u00e1mbito del Derecho Penal, en la resoluci\u00f3n de conflictos, en los procedimientos de lindes y demarcaciones, as\u00ed como en participaci\u00f3n en procedimientos matrimoniales y hereditarios.<\/p>\n<p>[\/et_pb_toggle][\/et_pb_column][et_pb_column type=\u00bb1_3&#8243; _builder_version=\u00bb4.23&#8243; _module_preset=\u00bbdefault\u00bb background_color=\u00bbrgba(192,205,213,0.1)\u00bb custom_padding=\u00bb2vw|2vw|2vw|2vw|true|true\u00bb global_colors_info=\u00bb{}\u00bb][et_pb_text disabled_on=\u00bbon|on|on\u00bb admin_label=\u00bbJuan taboada\u00bb module_class=\u00bbbloque-nombre\u00bb _builder_version=\u00bb4.27.4&#8243; _module_preset=\u00bbdefault\u00bb text_text_color=\u00bb#77868E\u00bb header_text_color=\u00bb#EF3A2E\u00bb header_2_text_color=\u00bb#EF3A2E\u00bb header_3_text_color=\u00bb#EF3A2E\u00bb header_4_text_color=\u00bb#EF3A2E\u00bb header_5_text_color=\u00bb#EF3A2E\u00bb header_6_text_color=\u00bb#EF3A2E\u00bb text_orientation=\u00bbcenter\u00bb custom_margin=\u00bb0px||10px||false|false\u00bb custom_padding=\u00bb0px||0px||false|false\u00bb disabled=\u00bbon\u00bb global_colors_info=\u00bb{}\u00bb]<\/p>\n<h4>Juan Taboada Santomil<\/h4>\n<p>[\/et_pb_text][et_pb_text disabled_on=\u00bbon|on|on\u00bb module_class=\u00bbbloque-puesto\u00bb _builder_version=\u00bb4.27.4&#8243; _module_preset=\u00bbdefault\u00bb text_text_color=\u00bb#181D23&#8243; header_text_color=\u00bb#EF3A2E\u00bb header_2_text_color=\u00bb#EF3A2E\u00bb header_3_text_color=\u00bb#EF3A2E\u00bb header_4_text_color=\u00bb#EF3A2E\u00bb header_5_text_color=\u00bb#EF3A2E\u00bb header_6_text_color=\u00bb#EF3A2E\u00bb text_orientation=\u00bbcenter\u00bb custom_margin=\u00bb0px||0px||false|false\u00bb custom_padding=\u00bb0px||0px||false|false\u00bb disabled=\u00bbon\u00bb global_colors_info=\u00bb{}\u00bb]<\/p>\n<p>Abogado. M\u00e1ster en Asesor\u00eda Fiscal (I.F.F.E Business School). M\u00e1ster en Direcci\u00f3n de Empresas (MBA &#8211; USC). M\u00e1ster en Gesti\u00f3n y Direcci\u00f3n Laboral (USC). M\u00e1ster en Fiscalidad Internacional y Comunitaria (USC).<\/p>\n<p>[\/et_pb_text][et_pb_text disabled_on=\u00bbon|on|on\u00bb module_class=\u00bbbloque-especialidad\u00bb _builder_version=\u00bb4.27.4&#8243; _module_preset=\u00bbdefault\u00bb text_text_color=\u00bb#77868E\u00bb header_text_color=\u00bb#EF3A2E\u00bb header_2_text_color=\u00bb#EF3A2E\u00bb header_3_text_color=\u00bb#EF3A2E\u00bb header_4_text_color=\u00bb#EF3A2E\u00bb header_5_text_color=\u00bb#EF3A2E\u00bb header_6_text_color=\u00bb#EF3A2E\u00bb text_orientation=\u00bbcenter\u00bb custom_margin=\u00bb0px||24px||false|false\u00bb custom_padding=\u00bb0px||0px||false|false\u00bb disabled=\u00bbon\u00bb global_colors_info=\u00bb{}\u00bb]<\/p>\n<p>Especialidades: Derecho Tributario y Mercantil.<\/p>\n<p>[\/et_pb_text][et_pb_toggle title=\u00bbM\u00e1s informaci\u00f3n\u00bb open_toggle_text_color=\u00bb#181D23&#8243; open_toggle_background_color=\u00bb#FFFFFF\u00bb closed_toggle_background_color=\u00bbrgba(192,205,213,0.3)\u00bb icon_color=\u00bb#77868E\u00bb toggle_icon=\u00bb&#x22;||divi||400&#8243; open_icon_color=\u00bb#77868E\u00bb open_toggle_icon=\u00bb&#x21;||divi||400&#8243; disabled_on=\u00bbon|on|on\u00bb module_class=\u00bbbloque conmutador\u00bb _builder_version=\u00bb4.27.4&#8243; _module_preset=\u00bbdefault\u00bb title_text_color=\u00bb#181D23&#8243; title_level=\u00bbh6&#8243; title_font=\u00bb|700||on|||||\u00bb title_font_size=\u00bb1rem\u00bb body_font_size=\u00bb1.1rem\u00bb body_line_height=\u00bb150%\u00bb custom_margin=\u00bb0px||0px||false|false\u00bb custom_padding=\u00bb10px|15px|10px|15px|false|false\u00bb border_color_all=\u00bb#C0CDD5&#8243; disabled=\u00bbon\u00bb global_colors_info=\u00bb{}\u00bb]<\/p>\n<p>M\u00e1ster en Asesor\u00eda Fiscal de I.F.F.E Business School. M\u00e1ster en Direcci\u00f3n de Empresas (MBA) por la Universidad de Santiago de Compostela. M\u00e1ster en Gesti\u00f3n y Direcci\u00f3n Laboral por la Universidad de Santiago de Compostela.<\/p>\n<p>[\/et_pb_toggle][et_pb_text admin_label=\u00bbNadia Vassallo\u00bb module_class=\u00bbbloque-nombre\u00bb _builder_version=\u00bb4.27.4&#8243; _module_preset=\u00bbdefault\u00bb text_text_color=\u00bb#77868E\u00bb header_text_color=\u00bb#EF3A2E\u00bb header_2_text_color=\u00bb#EF3A2E\u00bb header_3_text_color=\u00bb#EF3A2E\u00bb header_4_text_color=\u00bb#EF3A2E\u00bb header_5_text_color=\u00bb#EF3A2E\u00bb header_6_text_color=\u00bb#EF3A2E\u00bb text_orientation=\u00bbcenter\u00bb custom_margin=\u00bb0px||10px||false|false\u00bb custom_padding=\u00bb0px||0px||false|false\u00bb global_colors_info=\u00bb{}\u00bb]<\/p>\n<h4>Nadia Vassallo<\/h4>\n<p>[\/et_pb_text][et_pb_text module_class=\u00bbbloque-puesto\u00bb _builder_version=\u00bb4.23&#8243; _module_preset=\u00bbdefault\u00bb text_text_color=\u00bb#181D23&#8243; header_text_color=\u00bb#EF3A2E\u00bb header_2_text_color=\u00bb#EF3A2E\u00bb header_3_text_color=\u00bb#EF3A2E\u00bb header_4_text_color=\u00bb#EF3A2E\u00bb header_5_text_color=\u00bb#EF3A2E\u00bb header_6_text_color=\u00bb#EF3A2E\u00bb text_orientation=\u00bbcenter\u00bb custom_margin=\u00bb0px||0px||false|false\u00bb custom_padding=\u00bb0px||0px||false|false\u00bb global_colors_info=\u00bb{}\u00bb]<\/p>\n<p>Abogada. M\u00e1ster en Asesor\u00eda Jur\u00eddica Empresarial de I.F.F.E Business School. Titulada en Mediaci\u00f3n. Miembro activo de Italawyers, asociaci\u00f3n internacional de abogados. Trabaja en diversos despachos de abogados en Italia, tras lo cual se desplaza a Galicia para continuar ejerciendo como abogada en varios bufetes, hasta su incorporaci\u00f3n a nuestra firma.<\/p>\n<p>[\/et_pb_text][et_pb_text module_class=\u00bbbloque-especialidad\u00bb _builder_version=\u00bb4.23&#8243; _module_preset=\u00bbdefault\u00bb text_text_color=\u00bb#77868E\u00bb header_text_color=\u00bb#EF3A2E\u00bb header_2_text_color=\u00bb#EF3A2E\u00bb header_3_text_color=\u00bb#EF3A2E\u00bb header_4_text_color=\u00bb#EF3A2E\u00bb header_5_text_color=\u00bb#EF3A2E\u00bb header_6_text_color=\u00bb#EF3A2E\u00bb text_orientation=\u00bbcenter\u00bb custom_margin=\u00bb0px||24px||false|false\u00bb custom_padding=\u00bb0px||0px||false|false\u00bb global_colors_info=\u00bb{}\u00bb]<\/p>\n<p> Especialidades: Derecho Civil y Contencioso-Administrativo.<\/p>\n<p>[\/et_pb_text][et_pb_toggle title=\u00bbM\u00e1s informaci\u00f3n\u00bb open_toggle_text_color=\u00bb#181D23&#8243; open_toggle_background_color=\u00bb#FFFFFF\u00bb closed_toggle_background_color=\u00bbrgba(192,205,213,0.3)\u00bb icon_color=\u00bb#77868E\u00bb toggle_icon=\u00bb&#x22;||divi||400&#8243; open_icon_color=\u00bb#77868E\u00bb open_toggle_icon=\u00bb&#x21;||divi||400&#8243; module_class=\u00bbbloque conmutador\u00bb _builder_version=\u00bb4.23&#8243; _module_preset=\u00bbdefault\u00bb title_text_color=\u00bb#181D23&#8243; title_level=\u00bbh6&#8243; title_font=\u00bb|700||on|||||\u00bb title_font_size=\u00bb1rem\u00bb body_font_size=\u00bb1.1rem\u00bb body_line_height=\u00bb150%\u00bb custom_margin=\u00bb0px||0px||false|false\u00bb custom_padding=\u00bb10px|15px|10px|15px|false|false\u00bb border_color_all=\u00bb#C0CDD5&#8243; global_colors_info=\u00bb{}\u00bb]<\/p>\n<p>M\u00e1ster en Asesor\u00eda Jur\u00eddica Empresarial por IFFE Business School. Titulada en Mediaci\u00f3n. Trabaja en diversos despachos de abogados en Italia, tras lo cual se desplaza a Galicia para continuar ejerciendo como abogada en varios bufetes, hasta su incorporaci\u00f3n a nuestra firma.<\/p>\n<p>[\/et_pb_toggle][\/et_pb_column][\/et_pb_row][et_pb_row column_structure=\u00bb1_3,1_3,1_3&#8243; make_equal=\u00bbon\u00bb module_class=\u00bbrow-equipo\u00bb _builder_version=\u00bb4.23&#8243; _module_preset=\u00bbdefault\u00bb custom_margin=\u00bb0px||60px||false|false\u00bb custom_padding=\u00bb0px||0px||false|false\u00bb global_colors_info=\u00bb{}\u00bb][et_pb_column type=\u00bb1_3&#8243; _builder_version=\u00bb4.23&#8243; _module_preset=\u00bbdefault\u00bb background_color=\u00bbrgba(192,205,213,0.1)\u00bb custom_padding=\u00bb2vw|2vw|2vw|2vw|true|true\u00bb global_colors_info=\u00bb{}\u00bb][et_pb_text admin_label=\u00bbZaida M\u00aa P\u00e9rez L\u00f3pez\u00bb module_class=\u00bbbloque-nombre\u00bb _builder_version=\u00bb4.27.4&#8243; _module_preset=\u00bbdefault\u00bb text_text_color=\u00bb#77868E\u00bb header_text_color=\u00bb#EF3A2E\u00bb header_2_text_color=\u00bb#EF3A2E\u00bb header_3_text_color=\u00bb#EF3A2E\u00bb header_4_text_color=\u00bb#EF3A2E\u00bb header_5_text_color=\u00bb#EF3A2E\u00bb header_6_text_color=\u00bb#EF3A2E\u00bb text_orientation=\u00bbcenter\u00bb custom_margin=\u00bb0px||10px||false|false\u00bb custom_padding=\u00bb0px||0px||false|false\u00bb global_colors_info=\u00bb{}\u00bb]<\/p>\n<h4>Zaida M\u00aa P\u00e9rez L\u00f3pez<\/h4>\n<p>[\/et_pb_text][et_pb_text module_class=\u00bbbloque-puesto\u00bb _builder_version=\u00bb4.23&#8243; _module_preset=\u00bbdefault\u00bb text_text_color=\u00bb#181D23&#8243; header_text_color=\u00bb#EF3A2E\u00bb header_2_text_color=\u00bb#EF3A2E\u00bb header_3_text_color=\u00bb#EF3A2E\u00bb header_4_text_color=\u00bb#EF3A2E\u00bb header_5_text_color=\u00bb#EF3A2E\u00bb header_6_text_color=\u00bb#EF3A2E\u00bb text_orientation=\u00bbcenter\u00bb custom_margin=\u00bb0px||0px||false|false\u00bb custom_padding=\u00bb0px||0px||false|false\u00bb global_colors_info=\u00bb{}\u00bb]<\/p>\n<p>Abogada. C.A.P. \u00abEscuela de Pr\u00e1ctica Jur\u00eddica ICACOR\u00bb.<\/p>\n<p>[\/et_pb_text][et_pb_text module_class=\u00bbbloque-especialidad\u00bb _builder_version=\u00bb4.23&#8243; _module_preset=\u00bbdefault\u00bb text_text_color=\u00bb#77868E\u00bb header_text_color=\u00bb#EF3A2E\u00bb header_2_text_color=\u00bb#EF3A2E\u00bb header_3_text_color=\u00bb#EF3A2E\u00bb header_4_text_color=\u00bb#EF3A2E\u00bb header_5_text_color=\u00bb#EF3A2E\u00bb header_6_text_color=\u00bb#EF3A2E\u00bb text_orientation=\u00bbcenter\u00bb custom_margin=\u00bb0px||24px||false|false\u00bb custom_padding=\u00bb0px||0px||false|false\u00bb global_colors_info=\u00bb{}\u00bb]<\/p>\n<p>Especialidades: <span style=\"font-weight: 400;\">Experiencia con importantes entidades financieras y FTA. Derecho Procesal Bancario, Saneamiento Jur\u00eddico de Activos Inmobiliarios. Especialidades: Derecho Civil y Laboral-Social.<\/span><\/p>\n<p>[\/et_pb_text][et_pb_text disabled_on=\u00bbon|on|on\u00bb module_class=\u00bbbloque-especialidad\u00bb _builder_version=\u00bb4.23&#8243; _module_preset=\u00bbdefault\u00bb text_text_color=\u00bb#77868E\u00bb header_text_color=\u00bb#EF3A2E\u00bb header_2_text_color=\u00bb#EF3A2E\u00bb header_3_text_color=\u00bb#EF3A2E\u00bb header_4_text_color=\u00bb#EF3A2E\u00bb header_5_text_color=\u00bb#EF3A2E\u00bb header_6_text_color=\u00bb#EF3A2E\u00bb text_orientation=\u00bbcenter\u00bb custom_margin=\u00bb0px||24px||false|false\u00bb custom_padding=\u00bb0px||0px||false|false\u00bb disabled=\u00bbon\u00bb global_colors_info=\u00bb{}\u00bb]<\/p>\n<p>Especialidad: Contabilidad y Derecho Laboral.<\/p>\n<p>[\/et_pb_text][et_pb_toggle title=\u00bbM\u00e1s informaci\u00f3n\u00bb open_toggle_text_color=\u00bb#181D23&#8243; open_toggle_background_color=\u00bb#FFFFFF\u00bb closed_toggle_background_color=\u00bbrgba(192,205,213,0.3)\u00bb icon_color=\u00bb#77868E\u00bb toggle_icon=\u00bb&#x22;||divi||400&#8243; open_icon_color=\u00bb#77868E\u00bb open_toggle_icon=\u00bb&#x21;||divi||400&#8243; disabled_on=\u00bbon|on|on\u00bb module_class=\u00bbbloque conmutador\u00bb _builder_version=\u00bb4.23&#8243; _module_preset=\u00bbdefault\u00bb title_text_color=\u00bb#181D23&#8243; title_level=\u00bbh6&#8243; title_font=\u00bb|700||on|||||\u00bb title_font_size=\u00bb1rem\u00bb body_font_size=\u00bb1.1rem\u00bb body_line_height=\u00bb150%\u00bb custom_margin=\u00bb0px||0px||false|false\u00bb custom_padding=\u00bb10px|15px|10px|15px|false|false\u00bb border_color_all=\u00bb#C0CDD5&#8243; disabled=\u00bbon\u00bb global_colors_info=\u00bb{}\u00bb]<\/p>\n<p>[\/et_pb_toggle][\/et_pb_column][et_pb_column type=\u00bb1_3&#8243; _builder_version=\u00bb4.23&#8243; _module_preset=\u00bbdefault\u00bb background_color=\u00bbrgba(192,205,213,0.1)\u00bb custom_padding=\u00bb2vw|2vw|2vw|2vw|true|true\u00bb global_colors_info=\u00bb{}\u00bb][et_pb_text disabled_on=\u00bbon|on|on\u00bb admin_label=\u00bbJos\u00e9 Mar\u00eda G\u00f3mez Ramallo\u00bb module_class=\u00bbbloque-nombre\u00bb _builder_version=\u00bb4.27.4&#8243; _module_preset=\u00bbdefault\u00bb text_text_color=\u00bb#77868E\u00bb header_text_color=\u00bb#EF3A2E\u00bb header_2_text_color=\u00bb#EF3A2E\u00bb header_3_text_color=\u00bb#EF3A2E\u00bb header_4_text_color=\u00bb#EF3A2E\u00bb header_5_text_color=\u00bb#EF3A2E\u00bb header_6_text_color=\u00bb#EF3A2E\u00bb text_orientation=\u00bbcenter\u00bb custom_margin=\u00bb0px||10px||false|false\u00bb custom_padding=\u00bb0px||0px||false|false\u00bb disabled=\u00bbon\u00bb global_colors_info=\u00bb{}\u00bb]<\/p>\n<h4>Jos\u00e9 Mar\u00eda G\u00f3mez Ramallo<\/h4>\n<p>[\/et_pb_text][et_pb_text disabled_on=\u00bbon|on|on\u00bb module_class=\u00bbbloque-puesto\u00bb _builder_version=\u00bb4.27.4&#8243; _module_preset=\u00bbdefault\u00bb text_text_color=\u00bb#181D23&#8243; header_text_color=\u00bb#EF3A2E\u00bb header_2_text_color=\u00bb#EF3A2E\u00bb header_3_text_color=\u00bb#EF3A2E\u00bb header_4_text_color=\u00bb#EF3A2E\u00bb header_5_text_color=\u00bb#EF3A2E\u00bb header_6_text_color=\u00bb#EF3A2E\u00bb text_orientation=\u00bbcenter\u00bb custom_margin=\u00bb0px||0px||false|false\u00bb custom_padding=\u00bb0px||0px||false|false\u00bb disabled=\u00bbon\u00bb global_colors_info=\u00bb{}\u00bb]<\/p>\n<p>Ex-funcionario del Ministerio de Econom\u00eda y Hacienda. Profesor Mercantil. <\/p>\n<p>[\/et_pb_text][et_pb_text disabled_on=\u00bbon|on|on\u00bb module_class=\u00bbbloque-especialidad\u00bb _builder_version=\u00bb4.27.4&#8243; _module_preset=\u00bbdefault\u00bb text_text_color=\u00bb#77868E\u00bb header_text_color=\u00bb#EF3A2E\u00bb header_2_text_color=\u00bb#EF3A2E\u00bb header_3_text_color=\u00bb#EF3A2E\u00bb header_4_text_color=\u00bb#EF3A2E\u00bb header_5_text_color=\u00bb#EF3A2E\u00bb header_6_text_color=\u00bb#EF3A2E\u00bb text_orientation=\u00bbcenter\u00bb custom_margin=\u00bb0px||24px||false|false\u00bb custom_padding=\u00bb0px||0px||false|false\u00bb disabled=\u00bbon\u00bb global_colors_info=\u00bb{}\u00bb]<\/p>\n<p>Especialidades: Derecho Tributario y Contabilidad.<\/p>\n<p>[\/et_pb_text][et_pb_toggle title=\u00bbM\u00e1s informaci\u00f3n\u00bb open_toggle_text_color=\u00bb#181D23&#8243; open_toggle_background_color=\u00bb#FFFFFF\u00bb closed_toggle_background_color=\u00bbrgba(192,205,213,0.3)\u00bb icon_color=\u00bb#77868E\u00bb toggle_icon=\u00bb&#x22;||divi||400&#8243; open_icon_color=\u00bb#77868E\u00bb open_toggle_icon=\u00bb&#x21;||divi||400&#8243; disabled_on=\u00bbon|on|on\u00bb module_class=\u00bbbloque conmutador\u00bb _builder_version=\u00bb4.27.4&#8243; _module_preset=\u00bbdefault\u00bb title_text_color=\u00bb#181D23&#8243; title_level=\u00bbh6&#8243; title_font=\u00bb|700||on|||||\u00bb title_font_size=\u00bb1rem\u00bb body_font_size=\u00bb1.1rem\u00bb body_line_height=\u00bb150%\u00bb custom_margin=\u00bb0px||0px||false|false\u00bb custom_padding=\u00bb10px|15px|10px|15px|false|false\u00bb border_color_all=\u00bb#C0CDD5&#8243; disabled=\u00bbon\u00bb global_colors_info=\u00bb{}\u00bb]<\/p>\n<p>Atesora m\u00e1s de cuarenta a\u00f1os de experiencia como funcionario de la Agencia Tributaria, lo que le confiere un rigor y conocimiento exhaustivo en la aplicaci\u00f3n de los tributos y principios contables.<\/p>\n<p>[\/et_pb_toggle][et_pb_text admin_label=\u00bbEnriqueta Our\u00e9ns Blanco\u00bb module_class=\u00bbbloque-nombre\u00bb _builder_version=\u00bb4.27.4&#8243; _module_preset=\u00bbdefault\u00bb text_text_color=\u00bb#77868E\u00bb header_text_color=\u00bb#EF3A2E\u00bb header_2_text_color=\u00bb#EF3A2E\u00bb header_3_text_color=\u00bb#EF3A2E\u00bb header_4_text_color=\u00bb#EF3A2E\u00bb header_5_text_color=\u00bb#EF3A2E\u00bb header_6_text_color=\u00bb#EF3A2E\u00bb text_orientation=\u00bbcenter\u00bb custom_margin=\u00bb0px||10px||false|false\u00bb custom_padding=\u00bb0px||0px||false|false\u00bb global_colors_info=\u00bb{}\u00bb]<\/p>\n<h4>Enriqueta Our\u00e9ns Blanco<\/h4>\n<p>[\/et_pb_text][et_pb_text module_class=\u00bbbloque-puesto\u00bb _builder_version=\u00bb4.23&#8243; _module_preset=\u00bbdefault\u00bb text_text_color=\u00bb#181D23&#8243; header_text_color=\u00bb#EF3A2E\u00bb header_2_text_color=\u00bb#EF3A2E\u00bb header_3_text_color=\u00bb#EF3A2E\u00bb header_4_text_color=\u00bb#EF3A2E\u00bb header_5_text_color=\u00bb#EF3A2E\u00bb header_6_text_color=\u00bb#EF3A2E\u00bb text_orientation=\u00bbcenter\u00bb custom_margin=\u00bb0px||0px||false|false\u00bb custom_padding=\u00bb0px||0px||false|false\u00bb global_colors_info=\u00bb{}\u00bb]<\/p>\n<p>Economista. Tras su paso por diversas consultoras, se incorpora a la firma en el a\u00f1o 2001 especializ\u00e1ndose en el campo de la contabilidad y del asesoramiento laboral. <\/p>\n<p>[\/et_pb_text][et_pb_text module_class=\u00bbbloque-especialidad\u00bb _builder_version=\u00bb4.23&#8243; _module_preset=\u00bbdefault\u00bb text_text_color=\u00bb#77868E\u00bb header_text_color=\u00bb#EF3A2E\u00bb header_2_text_color=\u00bb#EF3A2E\u00bb header_3_text_color=\u00bb#EF3A2E\u00bb header_4_text_color=\u00bb#EF3A2E\u00bb header_5_text_color=\u00bb#EF3A2E\u00bb header_6_text_color=\u00bb#EF3A2E\u00bb text_orientation=\u00bbcenter\u00bb custom_margin=\u00bb0px||24px||false|false\u00bb custom_padding=\u00bb0px||0px||false|false\u00bb global_colors_info=\u00bb{}\u00bb]<\/p>\n<p>Especialidades: Contabilidad, Derecho tributario y laboral.<\/p>\n<p>[\/et_pb_text][et_pb_toggle title=\u00bbM\u00e1s informaci\u00f3n\u00bb open_toggle_text_color=\u00bb#181D23&#8243; open_toggle_background_color=\u00bb#FFFFFF\u00bb closed_toggle_background_color=\u00bbrgba(192,205,213,0.3)\u00bb icon_color=\u00bb#77868E\u00bb toggle_icon=\u00bb&#x22;||divi||400&#8243; open_icon_color=\u00bb#77868E\u00bb open_toggle_icon=\u00bb&#x21;||divi||400&#8243; module_class=\u00bbbloque conmutador\u00bb _builder_version=\u00bb4.23&#8243; _module_preset=\u00bbdefault\u00bb title_text_color=\u00bb#181D23&#8243; title_level=\u00bbh6&#8243; title_font=\u00bb|700||on|||||\u00bb title_font_size=\u00bb1rem\u00bb body_font_size=\u00bb1.1rem\u00bb body_line_height=\u00bb150%\u00bb custom_margin=\u00bb0px||0px||false|false\u00bb custom_padding=\u00bb10px|15px|10px|15px|false|false\u00bb border_color_all=\u00bb#C0CDD5&#8243; global_colors_info=\u00bb{}\u00bb]<\/p>\n<p>Tras su paso por diversas Consultoras, se incorpora a la firma en el a\u00f1o 2001 especializ\u00e1ndose en el campo de las contabilidades y del asesoramiento laboral.<\/p>\n<p>[\/et_pb_toggle][\/et_pb_column][et_pb_column type=\u00bb1_3&#8243; _builder_version=\u00bb4.23&#8243; _module_preset=\u00bbdefault\u00bb background_color=\u00bbrgba(192,205,213,0.1)\u00bb custom_padding=\u00bb2vw|2vw|2vw|2vw|true|true\u00bb global_colors_info=\u00bb{}\u00bb][et_pb_text admin_label=\u00bbConcepci\u00f3n Ramudo Prieto\u00bb module_class=\u00bbbloque-nombre\u00bb _builder_version=\u00bb4.27.4&#8243; _module_preset=\u00bbdefault\u00bb text_text_color=\u00bb#77868E\u00bb header_text_color=\u00bb#EF3A2E\u00bb header_2_text_color=\u00bb#EF3A2E\u00bb header_3_text_color=\u00bb#EF3A2E\u00bb header_4_text_color=\u00bb#EF3A2E\u00bb header_5_text_color=\u00bb#EF3A2E\u00bb header_6_text_color=\u00bb#EF3A2E\u00bb text_orientation=\u00bbcenter\u00bb custom_margin=\u00bb0px||10px||false|false\u00bb custom_padding=\u00bb0px||0px||false|false\u00bb global_colors_info=\u00bb{}\u00bb]<\/p>\n<h4>Concepci\u00f3n Ramudo Prieto<\/h4>\n<p>[\/et_pb_text][et_pb_text module_class=\u00bbbloque-puesto\u00bb _builder_version=\u00bb4.23&#8243; _module_preset=\u00bbdefault\u00bb text_text_color=\u00bb#181D23&#8243; header_text_color=\u00bb#EF3A2E\u00bb header_2_text_color=\u00bb#EF3A2E\u00bb header_3_text_color=\u00bb#EF3A2E\u00bb header_4_text_color=\u00bb#EF3A2E\u00bb header_5_text_color=\u00bb#EF3A2E\u00bb header_6_text_color=\u00bb#EF3A2E\u00bb text_orientation=\u00bbcenter\u00bb custom_margin=\u00bb0px||0px||false|false\u00bb custom_padding=\u00bb0px||0px||false|false\u00bb global_colors_info=\u00bb{}\u00bb]<\/p>\n<p>Economista. Tras su experiencia como titular de un negocio de asesoramiento integral a empresas y el paso por distintas consultoras de reconocido prestigio, se incorpora a la firma especializ\u00e1ndose en el campo del asesoramiento fiscal y contable.<\/p>\n<p>[\/et_pb_text][et_pb_text module_class=\u00bbbloque-especialidad\u00bb _builder_version=\u00bb4.23&#8243; _module_preset=\u00bbdefault\u00bb text_text_color=\u00bb#77868E\u00bb header_text_color=\u00bb#EF3A2E\u00bb header_2_text_color=\u00bb#EF3A2E\u00bb header_3_text_color=\u00bb#EF3A2E\u00bb header_4_text_color=\u00bb#EF3A2E\u00bb header_5_text_color=\u00bb#EF3A2E\u00bb header_6_text_color=\u00bb#EF3A2E\u00bb text_orientation=\u00bbcenter\u00bb custom_margin=\u00bb0px||24px||false|false\u00bb custom_padding=\u00bb0px||0px||false|false\u00bb global_colors_info=\u00bb{}\u00bb]<\/p>\n<p>Especialidades: Contabilidad y Derecho tributario.<\/p>\n<p>[\/et_pb_text][et_pb_toggle title=\u00bbM\u00e1s informaci\u00f3n\u00bb open_toggle_text_color=\u00bb#181D23&#8243; open_toggle_background_color=\u00bb#FFFFFF\u00bb closed_toggle_background_color=\u00bbrgba(192,205,213,0.3)\u00bb icon_color=\u00bb#77868E\u00bb toggle_icon=\u00bb&#x22;||divi||400&#8243; open_icon_color=\u00bb#77868E\u00bb open_toggle_icon=\u00bb&#x21;||divi||400&#8243; module_class=\u00bbbloque conmutador\u00bb _builder_version=\u00bb4.23&#8243; _module_preset=\u00bbdefault\u00bb title_text_color=\u00bb#181D23&#8243; title_level=\u00bbh6&#8243; title_font=\u00bb|700||on|||||\u00bb title_font_size=\u00bb1rem\u00bb body_font_size=\u00bb1.1rem\u00bb body_line_height=\u00bb150%\u00bb custom_margin=\u00bb0px||0px||false|false\u00bb custom_padding=\u00bb10px|15px|10px|15px|false|false\u00bb border_color_all=\u00bb#C0CDD5&#8243; global_colors_info=\u00bb{}\u00bb]<\/p>\n<p>Tras su experiencia como titular de un negocio de asesoramiento integral a empresas y el paso por distintas consultoras de reconocido prestigio, se incorpora a la firma especializ\u00e1ndose en el campo del asesoramiento contable y fiscal.<\/p>\n<p>[\/et_pb_toggle][\/et_pb_column][\/et_pb_row][et_pb_row column_structure=\u00bb1_3,1_3,1_3&#8243; make_equal=\u00bbon\u00bb module_class=\u00bbrow-equipo\u00bb _builder_version=\u00bb4.23&#8243; _module_preset=\u00bbdefault\u00bb custom_margin=\u00bb0px||60px||false|false\u00bb custom_padding=\u00bb0px||0px||false|false\u00bb global_colors_info=\u00bb{}\u00bb][et_pb_column type=\u00bb1_3&#8243; _builder_version=\u00bb4.23&#8243; _module_preset=\u00bbdefault\u00bb background_color=\u00bbrgba(192,205,213,0.1)\u00bb custom_padding=\u00bb2vw|2vw|2vw|2vw|true|true\u00bb global_colors_info=\u00bb{}\u00bb][et_pb_text admin_label=\u00bbSantiago Souza Veiga\u00bb module_class=\u00bbbloque-nombre\u00bb _builder_version=\u00bb4.27.4&#8243; _module_preset=\u00bbdefault\u00bb text_text_color=\u00bb#77868E\u00bb header_text_color=\u00bb#EF3A2E\u00bb header_2_text_color=\u00bb#EF3A2E\u00bb header_3_text_color=\u00bb#EF3A2E\u00bb header_4_text_color=\u00bb#EF3A2E\u00bb header_5_text_color=\u00bb#EF3A2E\u00bb header_6_text_color=\u00bb#EF3A2E\u00bb text_orientation=\u00bbcenter\u00bb custom_margin=\u00bb0px||10px||false|false\u00bb custom_padding=\u00bb0px||0px||false|false\u00bb global_colors_info=\u00bb{}\u00bb]<\/p>\n<h4>Santiago Souza Veiga<\/h4>\n<p>[\/et_pb_text][et_pb_text module_class=\u00bbbloque-puesto\u00bb _builder_version=\u00bb4.23&#8243; _module_preset=\u00bbdefault\u00bb text_text_color=\u00bb#181D23&#8243; header_text_color=\u00bb#EF3A2E\u00bb header_2_text_color=\u00bb#EF3A2E\u00bb header_3_text_color=\u00bb#EF3A2E\u00bb header_4_text_color=\u00bb#EF3A2E\u00bb header_5_text_color=\u00bb#EF3A2E\u00bb header_6_text_color=\u00bb#EF3A2E\u00bb text_orientation=\u00bbcenter\u00bb custom_margin=\u00bb0px||0px||false|false\u00bb custom_padding=\u00bb0px||0px||false|false\u00bb global_colors_info=\u00bb{}\u00bb]<\/p>\n<p>T\u00e9cnico contable.<\/p>\n<p>[\/et_pb_text][et_pb_text module_class=\u00bbbloque-especialidad\u00bb _builder_version=\u00bb4.23&#8243; _module_preset=\u00bbdefault\u00bb text_text_color=\u00bb#77868E\u00bb header_text_color=\u00bb#EF3A2E\u00bb header_2_text_color=\u00bb#EF3A2E\u00bb header_3_text_color=\u00bb#EF3A2E\u00bb header_4_text_color=\u00bb#EF3A2E\u00bb header_5_text_color=\u00bb#EF3A2E\u00bb header_6_text_color=\u00bb#EF3A2E\u00bb text_orientation=\u00bbcenter\u00bb custom_margin=\u00bb0px||24px||false|false\u00bb custom_padding=\u00bb0px||0px||false|false\u00bb global_colors_info=\u00bb{}\u00bb]<\/p>\n<p>Especialidad: Contabilidad.<\/p>\n<p>[\/et_pb_text][et_pb_toggle title=\u00bbM\u00e1s informaci\u00f3n\u00bb open_toggle_text_color=\u00bb#181D23&#8243; open_toggle_background_color=\u00bb#FFFFFF\u00bb closed_toggle_background_color=\u00bbrgba(192,205,213,0.3)\u00bb icon_color=\u00bb#77868E\u00bb toggle_icon=\u00bb&#x22;||divi||400&#8243; open_icon_color=\u00bb#77868E\u00bb open_toggle_icon=\u00bb&#x21;||divi||400&#8243; module_class=\u00bbbloque conmutador\u00bb _builder_version=\u00bb4.23&#8243; _module_preset=\u00bbdefault\u00bb title_text_color=\u00bb#181D23&#8243; title_level=\u00bbh6&#8243; title_font=\u00bb|700||on|||||\u00bb title_font_size=\u00bb1rem\u00bb body_font_size=\u00bb1.1rem\u00bb body_line_height=\u00bb150%\u00bb custom_margin=\u00bb0px||0px||false|false\u00bb custom_padding=\u00bb10px|15px|10px|15px|false|false\u00bb border_color_all=\u00bb#C0CDD5&#8243; global_colors_info=\u00bb{}\u00bb]<\/p>\n<p>Acumula m\u00e1s de 20 a\u00f1os como asesor contable de multitud de empresas, consultoras y asesor\u00edas.<\/p>\n<p>[\/et_pb_toggle][\/et_pb_column][et_pb_column type=\u00bb1_3&#8243; _builder_version=\u00bb4.23&#8243; _module_preset=\u00bbdefault\u00bb background_color=\u00bbrgba(192,205,213,0.1)\u00bb custom_padding=\u00bb2vw|2vw|2vw|2vw|true|true\u00bb global_colors_info=\u00bb{}\u00bb][et_pb_text admin_label=\u00bbGonzalo Gonz\u00e1lez Celaya\u00bb module_class=\u00bbbloque-nombre\u00bb _builder_version=\u00bb4.27.4&#8243; _module_preset=\u00bbdefault\u00bb text_text_color=\u00bb#77868E\u00bb header_text_color=\u00bb#EF3A2E\u00bb header_2_text_color=\u00bb#EF3A2E\u00bb header_3_text_color=\u00bb#EF3A2E\u00bb header_4_text_color=\u00bb#EF3A2E\u00bb header_5_text_color=\u00bb#EF3A2E\u00bb header_6_text_color=\u00bb#EF3A2E\u00bb text_orientation=\u00bbcenter\u00bb custom_margin=\u00bb0px||10px||false|false\u00bb custom_padding=\u00bb0px||0px||false|false\u00bb global_colors_info=\u00bb{}\u00bb]<\/p>\n<h4>Gonzalo Gonz\u00e1lez Celaya<\/h4>\n<p>[\/et_pb_text][et_pb_text module_class=\u00bbbloque-puesto\u00bb _builder_version=\u00bb4.27.4&#8243; _module_preset=\u00bbdefault\u00bb text_text_color=\u00bb#181D23&#8243; header_text_color=\u00bb#EF3A2E\u00bb header_2_text_color=\u00bb#EF3A2E\u00bb header_3_text_color=\u00bb#EF3A2E\u00bb header_4_text_color=\u00bb#EF3A2E\u00bb header_5_text_color=\u00bb#EF3A2E\u00bb header_6_text_color=\u00bb#EF3A2E\u00bb text_orientation=\u00bbcenter\u00bb custom_margin=\u00bb0px||0px||false|false\u00bb custom_padding=\u00bb0px||0px||false|false\u00bb global_colors_info=\u00bb{}\u00bb]<\/p>\n<p>Economista.<\/p>\n<p>[\/et_pb_text][et_pb_text module_class=\u00bbbloque-especialidad\u00bb _builder_version=\u00bb4.27.4&#8243; _module_preset=\u00bbdefault\u00bb text_text_color=\u00bb#77868E\u00bb header_text_color=\u00bb#EF3A2E\u00bb header_2_text_color=\u00bb#EF3A2E\u00bb header_3_text_color=\u00bb#EF3A2E\u00bb header_4_text_color=\u00bb#EF3A2E\u00bb header_5_text_color=\u00bb#EF3A2E\u00bb header_6_text_color=\u00bb#EF3A2E\u00bb text_orientation=\u00bbcenter\u00bb custom_margin=\u00bb0px||24px||false|false\u00bb custom_padding=\u00bb0px||0px||false|false\u00bb global_colors_info=\u00bb{}\u00bb]Especialidades: Gesti\u00f3n y actuaciones en materia tributaria y fiscal en organismos locales, auton\u00f3micos y estatales, elaboraci\u00f3n de estados contables, informes y memorias econ\u00f3micas ante registros oficiales y entidades bancarias.[\/et_pb_text][et_pb_toggle title=\u00bbM\u00e1s informaci\u00f3n\u00bb open_toggle_text_color=\u00bb#181D23&#8243; open_toggle_background_color=\u00bb#FFFFFF\u00bb closed_toggle_background_color=\u00bbrgba(192,205,213,0.3)\u00bb icon_color=\u00bb#77868E\u00bb toggle_icon=\u00bb&#x22;||divi||400&#8243; open_icon_color=\u00bb#77868E\u00bb open_toggle_icon=\u00bb&#x21;||divi||400&#8243; module_class=\u00bbbloque conmutador\u00bb _builder_version=\u00bb4.27.4&#8243; _module_preset=\u00bbdefault\u00bb title_text_color=\u00bb#181D23&#8243; title_level=\u00bbh6&#8243; title_font=\u00bb|700||on|||||\u00bb title_font_size=\u00bb1rem\u00bb body_font_size=\u00bb1.1rem\u00bb body_line_height=\u00bb150%\u00bb custom_margin=\u00bb0px||0px||false|false\u00bb custom_padding=\u00bb10px|15px|10px|15px|false|false\u00bb border_color_all=\u00bb#C0CDD5&#8243; global_colors_info=\u00bb{}\u00bb]<\/p>\n<p>Economista con ejercicio profesional desde 1991. Adem\u00e1s de haber sido empresario en el sector hostelero, cuenta con una amplia trayectoria en asesoramiento fiscal, contable, financiero y administrativo, tanto en el \u00e1mbito p\u00fablico como privado, con clientes de sectores muy diversos: sector textil, concesionarios de autom\u00f3viles y maquinaria agr\u00edcola, cofrad\u00edas de pescadores, talleres de carpinter\u00eda met\u00e1lica, empresas de outsourcing, marketing promocional y coaching, administraci\u00f3n de fincas, construcci\u00f3n y promoci\u00f3n inmobiliaria.<\/p>\n<p>[\/et_pb_toggle][\/et_pb_column][et_pb_column type=\u00bb1_3&#8243; _builder_version=\u00bb4.23&#8243; _module_preset=\u00bbdefault\u00bb background_color=\u00bbrgba(192,205,213,0.1)\u00bb custom_padding=\u00bb2vw|2vw|2vw|2vw|true|true\u00bb global_colors_info=\u00bb{}\u00bb][et_pb_text admin_label=\u00bbMar\u00eda Paz V\u00edlchez D\u00edaz\u00bb module_class=\u00bbbloque-nombre\u00bb _builder_version=\u00bb4.27.4&#8243; _module_preset=\u00bbdefault\u00bb text_text_color=\u00bb#77868E\u00bb header_text_color=\u00bb#EF3A2E\u00bb header_2_text_color=\u00bb#EF3A2E\u00bb header_3_text_color=\u00bb#EF3A2E\u00bb header_4_text_color=\u00bb#EF3A2E\u00bb header_5_text_color=\u00bb#EF3A2E\u00bb header_6_text_color=\u00bb#EF3A2E\u00bb text_orientation=\u00bbcenter\u00bb custom_margin=\u00bb0px||10px||false|false\u00bb custom_padding=\u00bb0px||0px||false|false\u00bb global_colors_info=\u00bb{}\u00bb]<\/p>\n<h4>Mar\u00eda Paz V\u00edlchez D\u00edaz<\/h4>\n<p>[\/et_pb_text][et_pb_text module_class=\u00bbbloque-puesto\u00bb _builder_version=\u00bb4.27.4&#8243; _module_preset=\u00bbdefault\u00bb text_text_color=\u00bb#181D23&#8243; header_text_color=\u00bb#EF3A2E\u00bb header_2_text_color=\u00bb#EF3A2E\u00bb header_3_text_color=\u00bb#EF3A2E\u00bb header_4_text_color=\u00bb#EF3A2E\u00bb header_5_text_color=\u00bb#EF3A2E\u00bb header_6_text_color=\u00bb#EF3A2E\u00bb text_orientation=\u00bbcenter\u00bb custom_margin=\u00bb0px||0px||false|false\u00bb custom_padding=\u00bb0px||0px||false|false\u00bb global_colors_info=\u00bb{}\u00bb]<\/p>\n<p>Economista.<\/p>\n<p>[\/et_pb_text][et_pb_text module_class=\u00bbbloque-especialidad\u00bb _builder_version=\u00bb4.27.4&#8243; _module_preset=\u00bbdefault\u00bb text_text_color=\u00bb#77868E\u00bb header_text_color=\u00bb#EF3A2E\u00bb header_2_text_color=\u00bb#EF3A2E\u00bb header_3_text_color=\u00bb#EF3A2E\u00bb header_4_text_color=\u00bb#EF3A2E\u00bb header_5_text_color=\u00bb#EF3A2E\u00bb header_6_text_color=\u00bb#EF3A2E\u00bb text_orientation=\u00bbcenter\u00bb custom_margin=\u00bb0px||24px||false|false\u00bb custom_padding=\u00bb0px||0px||false|false\u00bb global_colors_info=\u00bb{}\u00bb]Especialidades: Economista.[\/et_pb_text][et_pb_toggle title=\u00bbM\u00e1s informaci\u00f3n\u00bb open_toggle_text_color=\u00bb#181D23&#8243; open_toggle_background_color=\u00bb#FFFFFF\u00bb closed_toggle_background_color=\u00bbrgba(192,205,213,0.3)\u00bb icon_color=\u00bb#77868E\u00bb toggle_icon=\u00bb&#x22;||divi||400&#8243; open_icon_color=\u00bb#77868E\u00bb open_toggle_icon=\u00bb&#x21;||divi||400&#8243; module_class=\u00bbbloque conmutador\u00bb _builder_version=\u00bb4.27.4&#8243; _module_preset=\u00bbdefault\u00bb title_text_color=\u00bb#181D23&#8243; title_level=\u00bbh6&#8243; title_font=\u00bb|700||on|||||\u00bb title_font_size=\u00bb1rem\u00bb body_font_size=\u00bb1.1rem\u00bb body_line_height=\u00bb150%\u00bb custom_margin=\u00bb0px||0px||false|false\u00bb custom_padding=\u00bb10px|15px|10px|15px|false|false\u00bb border_color_all=\u00bb#C0CDD5&#8243; global_colors_info=\u00bb{}\u00bb]<\/p>\n<p>Economista. M\u00e1ster en Contabilidad Superior y Auditor\u00eda de Cuentas. Asesora fiscal y contable con una dilatada experiencia profesional en el \u00e1mbito de la empresa familiar, la planificaci\u00f3n patrimonial y las operaciones societarias complejas. Est\u00e1 especializada en fusiones, escisiones, aportaciones no dinerarias y estructuras holding, aportando un enfoque t\u00e9cnico y estrat\u00e9gico orientado a la eficiencia fiscal y la sostenibilidad empresarial. Su perfil se completa con una s\u00f3lida vocaci\u00f3n docente.<\/p>\n<p>[\/et_pb_toggle][\/et_pb_column][\/et_pb_row][et_pb_row column_structure=\u00bb1_3,1_3,1_3&#8243; make_equal=\u00bbon\u00bb module_class=\u00bbrow-equipo\u00bb _builder_version=\u00bb4.23&#8243; _module_preset=\u00bbdefault\u00bb custom_margin=\u00bb0px||60px||false|false\u00bb custom_padding=\u00bb0px||0px||false|false\u00bb global_colors_info=\u00bb{}\u00bb][et_pb_column type=\u00bb1_3&#8243; _builder_version=\u00bb4.23&#8243; _module_preset=\u00bbdefault\u00bb background_color=\u00bbrgba(192,205,213,0.1)\u00bb custom_padding=\u00bb2vw|2vw|2vw|2vw|true|true\u00bb global_colors_info=\u00bb{}\u00bb][et_pb_text admin_label=\u00bbFabrizio Cacci\u00f2\u00bb module_class=\u00bbbloque-nombre\u00bb _builder_version=\u00bb4.27.4&#8243; _module_preset=\u00bbdefault\u00bb text_text_color=\u00bb#77868E\u00bb header_text_color=\u00bb#EF3A2E\u00bb header_2_text_color=\u00bb#EF3A2E\u00bb header_3_text_color=\u00bb#EF3A2E\u00bb header_4_text_color=\u00bb#EF3A2E\u00bb header_5_text_color=\u00bb#EF3A2E\u00bb header_6_text_color=\u00bb#EF3A2E\u00bb text_orientation=\u00bbcenter\u00bb custom_margin=\u00bb0px||10px||false|false\u00bb custom_padding=\u00bb0px||0px||false|false\u00bb global_colors_info=\u00bb{}\u00bb]<\/p>\n<h4>Fabrizio Cacci\u00f2<\/h4>\n<p>[\/et_pb_text][et_pb_text module_class=\u00bbbloque-puesto\u00bb _builder_version=\u00bb4.27.4&#8243; _module_preset=\u00bbdefault\u00bb text_text_color=\u00bb#181D23&#8243; header_text_color=\u00bb#EF3A2E\u00bb header_2_text_color=\u00bb#EF3A2E\u00bb header_3_text_color=\u00bb#EF3A2E\u00bb header_4_text_color=\u00bb#EF3A2E\u00bb header_5_text_color=\u00bb#EF3A2E\u00bb header_6_text_color=\u00bb#EF3A2E\u00bb text_orientation=\u00bbcenter\u00bb custom_margin=\u00bb0px||0px||false|false\u00bb custom_padding=\u00bb0px||0px||false|false\u00bb global_colors_info=\u00bb{}\u00bb]<\/p>\n<p>Abogado.<\/p>\n<p>[\/et_pb_text][et_pb_text module_class=\u00bbbloque-especialidad\u00bb _builder_version=\u00bb4.27.4&#8243; _module_preset=\u00bbdefault\u00bb text_text_color=\u00bb#77868E\u00bb header_text_color=\u00bb#EF3A2E\u00bb header_2_text_color=\u00bb#EF3A2E\u00bb header_3_text_color=\u00bb#EF3A2E\u00bb header_4_text_color=\u00bb#EF3A2E\u00bb header_5_text_color=\u00bb#EF3A2E\u00bb header_6_text_color=\u00bb#EF3A2E\u00bb text_orientation=\u00bbcenter\u00bb custom_margin=\u00bb0px||24px||false|false\u00bb custom_padding=\u00bb0px||0px||false|false\u00bb global_colors_info=\u00bb{}\u00bb]<\/p>\n<p>Especialidad: Abogado.<\/p>\n<p>[\/et_pb_text][et_pb_toggle title=\u00bbM\u00e1s informaci\u00f3n\u00bb open_toggle_text_color=\u00bb#181D23&#8243; open_toggle_background_color=\u00bb#FFFFFF\u00bb closed_toggle_background_color=\u00bbrgba(192,205,213,0.3)\u00bb icon_color=\u00bb#77868E\u00bb toggle_icon=\u00bb&#x22;||divi||400&#8243; open_icon_color=\u00bb#77868E\u00bb open_toggle_icon=\u00bb&#x21;||divi||400&#8243; admin_label=\u00bbConmutador\u00bb module_class=\u00bbbloque conmutador\u00bb _builder_version=\u00bb4.27.4&#8243; _module_preset=\u00bbdefault\u00bb title_text_color=\u00bb#181D23&#8243; title_level=\u00bbh6&#8243; title_font=\u00bb|700||on|||||\u00bb title_font_size=\u00bb1rem\u00bb body_font_size=\u00bb1.1rem\u00bb body_line_height=\u00bb150%\u00bb custom_margin=\u00bb0px||0px||false|false\u00bb custom_padding=\u00bb10px|15px|10px|15px|false|false\u00bb border_color_all=\u00bb#C0CDD5&#8243; global_colors_info=\u00bb{}\u00bb]<\/p>\n<p>Graduado en Derecho y M\u00e1ster en Abogac\u00eda por la Universidad de A Coru\u00f1a. Cuenta con s\u00f3lida experiencia en el asesoramiento jur\u00eddico extrajudicial, con especial dedicaci\u00f3n al derecho inmobiliario: compraventas, arrendamientos, comunidades y desahucios. Biling\u00fce en italiano y espa\u00f1ol.<\/p>\n<p>[\/et_pb_toggle][\/et_pb_column][et_pb_column type=\u00bb1_3&#8243; _builder_version=\u00bb4.23&#8243; _module_preset=\u00bbdefault\u00bb background_color=\u00bbrgba(192,205,213,0.1)\u00bb custom_padding=\u00bb2vw|2vw|2vw|2vw|true|true\u00bb global_colors_info=\u00bb{}\u00bb][\/et_pb_column][et_pb_column type=\u00bb1_3&#8243; _builder_version=\u00bb4.23&#8243; _module_preset=\u00bbdefault\u00bb background_color=\u00bbrgba(192,205,213,0.1)\u00bb custom_padding=\u00bb2vw|2vw|2vw|2vw|true|true\u00bb global_colors_info=\u00bb{}\u00bb][\/et_pb_column][\/et_pb_row][et_pb_row column_structure=\u00bb2_5,3_5&#8243; use_custom_gutter=\u00bbon\u00bb gutter_width=\u00bb1&#8243; make_equal=\u00bbon\u00bb module_id=\u00bbequipo_colaboradores\u00bb _builder_version=\u00bb4.23&#8243; _module_preset=\u00bbdefault\u00bb width_tablet=\u00bb70%\u00bb width_phone=\u00bb80%\u00bb width_last_edited=\u00bbon|phone\u00bb global_colors_info=\u00bb{}\u00bb][et_pb_column type=\u00bb2_5&#8243; _builder_version=\u00bb4.23&#8243; _module_preset=\u00bbdefault\u00bb global_colors_info=\u00bb{}\u00bb][et_pb_text _builder_version=\u00bb4.23&#8243; _module_preset=\u00bbdefault\u00bb global_colors_info=\u00bb{}\u00bb]<\/p>\n<h2>COLABORADORES<\/h2>\n<p>[\/et_pb_text][\/et_pb_column][et_pb_column type=\u00bb3_5&#8243; _builder_version=\u00bb4.23&#8243; _module_preset=\u00bbdefault\u00bb custom_css_main_element=\u00bbmargin: auto;\u00bb global_colors_info=\u00bb{}\u00bb][et_pb_divider color=\u00bb#C0CDD5&#8243; divider_position=\u00bbcenter\u00bb divider_weight=\u00bb2px\u00bb _builder_version=\u00bb4.23&#8243; _module_preset=\u00bbdefault\u00bb global_colors_info=\u00bb{}\u00bb][\/et_pb_divider][\/et_pb_column][\/et_pb_row][et_pb_row column_structure=\u00bb1_3,1_3,1_3&#8243; make_equal=\u00bbon\u00bb module_class=\u00bbrow-equipo\u00bb _builder_version=\u00bb4.23&#8243; _module_preset=\u00bbdefault\u00bb custom_margin=\u00bb0px||60px||false|false\u00bb custom_padding=\u00bb0px||0px||false|false\u00bb global_colors_info=\u00bb{}\u00bb][et_pb_column type=\u00bb1_3&#8243; _builder_version=\u00bb4.23&#8243; _module_preset=\u00bbdefault\u00bb background_color=\u00bbrgba(192,205,213,0.1)\u00bb custom_padding=\u00bb2vw|2vw|2vw|2vw|true|true\u00bb global_colors_info=\u00bb{}\u00bb][et_pb_text module_class=\u00bbbloque-nombre\u00bb _builder_version=\u00bb4.23&#8243; _module_preset=\u00bbdefault\u00bb text_text_color=\u00bb#77868E\u00bb header_text_color=\u00bb#EF3A2E\u00bb header_2_text_color=\u00bb#EF3A2E\u00bb header_3_text_color=\u00bb#EF3A2E\u00bb header_4_text_color=\u00bb#EF3A2E\u00bb header_5_text_color=\u00bb#EF3A2E\u00bb header_6_text_color=\u00bb#EF3A2E\u00bb text_orientation=\u00bbcenter\u00bb custom_margin=\u00bb0px||10px||false|false\u00bb custom_padding=\u00bb0px||0px||false|false\u00bb global_colors_info=\u00bb{}\u00bb]<\/p>\n<h4>Javier Folla-Cisneros Garc\u00eda<\/h4>\n<p>[\/et_pb_text][et_pb_text module_class=\u00bbbloque-puesto\u00bb _builder_version=\u00bb4.23&#8243; _module_preset=\u00bbdefault\u00bb text_text_color=\u00bb#181D23&#8243; header_text_color=\u00bb#EF3A2E\u00bb header_2_text_color=\u00bb#EF3A2E\u00bb header_3_text_color=\u00bb#EF3A2E\u00bb header_4_text_color=\u00bb#EF3A2E\u00bb header_5_text_color=\u00bb#EF3A2E\u00bb header_6_text_color=\u00bb#EF3A2E\u00bb text_orientation=\u00bbcenter\u00bb custom_margin=\u00bb0px||0px||false|false\u00bb custom_padding=\u00bb0px||0px||false|false\u00bb global_colors_info=\u00bb{}\u00bb]<\/p>\n<p>Graduado Social.<\/p>\n<p>[\/et_pb_text][et_pb_text module_class=\u00bbbloque-especialidad\u00bb _builder_version=\u00bb4.23&#8243; _module_preset=\u00bbdefault\u00bb text_text_color=\u00bb#77868E\u00bb header_text_color=\u00bb#EF3A2E\u00bb header_2_text_color=\u00bb#EF3A2E\u00bb header_3_text_color=\u00bb#EF3A2E\u00bb header_4_text_color=\u00bb#EF3A2E\u00bb header_5_text_color=\u00bb#EF3A2E\u00bb header_6_text_color=\u00bb#EF3A2E\u00bb text_orientation=\u00bbcenter\u00bb custom_margin=\u00bb0px||24px||false|false\u00bb custom_padding=\u00bb0px||0px||false|false\u00bb global_colors_info=\u00bb{}\u00bb]<\/p>\n<p>Especialidad: Derecho Laboral.<\/p>\n<p>[\/et_pb_text][\/et_pb_column][et_pb_column type=\u00bb1_3&#8243; _builder_version=\u00bb4.23&#8243; _module_preset=\u00bbdefault\u00bb background_color=\u00bbrgba(192,205,213,0.1)\u00bb custom_padding=\u00bb2vw|2vw|2vw|2vw|true|true\u00bb global_colors_info=\u00bb{}\u00bb][et_pb_text module_class=\u00bbbloque-nombre\u00bb _builder_version=\u00bb4.23&#8243; _module_preset=\u00bbdefault\u00bb text_text_color=\u00bb#77868E\u00bb header_text_color=\u00bb#EF3A2E\u00bb header_2_text_color=\u00bb#EF3A2E\u00bb header_3_text_color=\u00bb#EF3A2E\u00bb header_4_text_color=\u00bb#EF3A2E\u00bb header_5_text_color=\u00bb#EF3A2E\u00bb header_6_text_color=\u00bb#EF3A2E\u00bb text_orientation=\u00bbcenter\u00bb custom_margin=\u00bb0px||10px||false|false\u00bb custom_padding=\u00bb0px||0px||false|false\u00bb global_colors_info=\u00bb{}\u00bb]<\/p>\n<h4>Maica Guisasola de Soto<\/h4>\n<p>[\/et_pb_text][et_pb_text module_class=\u00bbbloque-puesto\u00bb _builder_version=\u00bb4.23&#8243; _module_preset=\u00bbdefault\u00bb text_text_color=\u00bb#181D23&#8243; header_text_color=\u00bb#EF3A2E\u00bb header_2_text_color=\u00bb#EF3A2E\u00bb header_3_text_color=\u00bb#EF3A2E\u00bb header_4_text_color=\u00bb#EF3A2E\u00bb header_5_text_color=\u00bb#EF3A2E\u00bb header_6_text_color=\u00bb#EF3A2E\u00bb text_orientation=\u00bbcenter\u00bb custom_margin=\u00bb0px||0px||false|false\u00bb custom_padding=\u00bb0px||0px||false|false\u00bb global_colors_info=\u00bb{}\u00bb]<\/p>\n<p>Graduada Social.<\/p>\n<p>[\/et_pb_text][et_pb_text module_class=\u00bbbloque-especialidad\u00bb _builder_version=\u00bb4.23&#8243; _module_preset=\u00bbdefault\u00bb text_text_color=\u00bb#77868E\u00bb header_text_color=\u00bb#EF3A2E\u00bb header_2_text_color=\u00bb#EF3A2E\u00bb header_3_text_color=\u00bb#EF3A2E\u00bb header_4_text_color=\u00bb#EF3A2E\u00bb header_5_text_color=\u00bb#EF3A2E\u00bb header_6_text_color=\u00bb#EF3A2E\u00bb text_orientation=\u00bbcenter\u00bb custom_margin=\u00bb0px||24px||false|false\u00bb custom_padding=\u00bb0px||0px||false|false\u00bb global_colors_info=\u00bb{}\u00bb]<\/p>\n<p>Especialidad: Derecho Laboral.<\/p>\n<p>[\/et_pb_text][\/et_pb_column][et_pb_column type=\u00bb1_3&#8243; _builder_version=\u00bb4.23&#8243; _module_preset=\u00bbdefault\u00bb background_color=\u00bbrgba(192,205,213,0.1)\u00bb global_colors_info=\u00bb{}\u00bb][et_pb_text module_class=\u00bbbloque-nombre\u00bb _builder_version=\u00bb4.23&#8243; _module_preset=\u00bbdefault\u00bb text_text_color=\u00bb#77868E\u00bb header_text_color=\u00bb#EF3A2E\u00bb header_2_text_color=\u00bb#EF3A2E\u00bb header_3_text_color=\u00bb#EF3A2E\u00bb header_4_text_color=\u00bb#EF3A2E\u00bb header_5_text_color=\u00bb#EF3A2E\u00bb header_6_text_color=\u00bb#EF3A2E\u00bb text_orientation=\u00bbcenter\u00bb custom_margin=\u00bb0px||10px||false|false\u00bb custom_padding=\u00bb0px||0px||false|false\u00bb global_colors_info=\u00bb{}\u00bb]<\/p>\n<h4>Berta Veiga Garrido<\/h4>\n<p>[\/et_pb_text][et_pb_text module_class=\u00bbbloque-puesto\u00bb _builder_version=\u00bb4.23&#8243; _module_preset=\u00bbdefault\u00bb text_text_color=\u00bb#181D23&#8243; header_text_color=\u00bb#EF3A2E\u00bb header_2_text_color=\u00bb#EF3A2E\u00bb header_3_text_color=\u00bb#EF3A2E\u00bb header_4_text_color=\u00bb#EF3A2E\u00bb header_5_text_color=\u00bb#EF3A2E\u00bb header_6_text_color=\u00bb#EF3A2E\u00bb text_orientation=\u00bbcenter\u00bb custom_margin=\u00bb0px||0px||false|false\u00bb custom_padding=\u00bb0px||0px||false|false\u00bb global_colors_info=\u00bb{}\u00bb]<\/p>\n<p>T\u00e9cnico Contable.<\/p>\n<p>[\/et_pb_text][et_pb_text module_class=\u00bbbloque-especialidad\u00bb _builder_version=\u00bb4.23&#8243; _module_preset=\u00bbdefault\u00bb text_text_color=\u00bb#77868E\u00bb header_text_color=\u00bb#EF3A2E\u00bb header_2_text_color=\u00bb#EF3A2E\u00bb header_3_text_color=\u00bb#EF3A2E\u00bb header_4_text_color=\u00bb#EF3A2E\u00bb header_5_text_color=\u00bb#EF3A2E\u00bb header_6_text_color=\u00bb#EF3A2E\u00bb text_orientation=\u00bbcenter\u00bb custom_margin=\u00bb0px||24px||false|false\u00bb custom_padding=\u00bb0px||0px||false|false\u00bb global_colors_info=\u00bb{}\u00bb]<\/p>\n<p>Especialidad: Contabilidad.<\/p>\n<p>[\/et_pb_text][\/et_pb_column][\/et_pb_row][\/et_pb_section]<\/p>\n","protected":false},"excerpt":{"rendered":"<p>Nuestros profesionalesDespacho de abogados y asesores en A Coru\u00f1a: Xestadem, tu equipo legal y fiscal confiable La sucesiva incorporaci\u00f3n de profesionales de reconocido prestigio, y la absorci\u00f3n de otros despachos de larga tradici\u00f3n en la comunidad gallega, nuestro \u00e1mbito de actuaci\u00f3n se fue ampliando la otras \u00e1reas del Derecho y de la gesti\u00f3n empresarial. \u00a0 [&hellip;]<\/p>\n","protected":false},"author":3,"featured_media":0,"parent":0,"menu_order":0,"comment_status":"closed","ping_status":"closed","template":"","meta":{"_et_pb_use_builder":"on","_et_pb_old_content":"","_et_gb_content_width":"","footnotes":""},"class_list":["post-44","page","type-page","status-publish","hentry"],"yoast_head":"<!-- This site is optimized with the Yoast SEO plugin v27.0 - https:\/\/yoast.com\/product\/yoast-seo-wordpress\/ -->\n<title>Despacho de Abogados | Despacho de Abogados en A Coru\u00f1a Xestadem<\/title>\n<meta name=\"description\" content=\"Despacho de abogados en A Coru\u00f1a Xestadem: Nuestro equipo experto brinda soluciones legales confiables y personalizadas. \u00a1Cont\u00e1ctanos hoy mismo!\" \/>\n<meta name=\"robots\" content=\"index, follow, max-snippet:-1, max-image-preview:large, max-video-preview:-1\" \/>\n<link rel=\"canonical\" href=\"https:\/\/xestadem.com\/en\/equipo\/\" \/>\n<meta property=\"og:locale\" content=\"en_US\" \/>\n<meta property=\"og:type\" content=\"article\" \/>\n<meta property=\"og:title\" content=\"Despacho de Abogados | Despacho de Abogados en A Coru\u00f1a Xestadem\" \/>\n<meta property=\"og:description\" content=\"Despacho de abogados en A Coru\u00f1a Xestadem: Nuestro equipo experto brinda soluciones legales confiables y personalizadas. \u00a1Cont\u00e1ctanos hoy mismo!\" \/>\n<meta property=\"og:url\" content=\"https:\/\/xestadem.com\/en\/equipo\/\" \/>\n<meta property=\"og:site_name\" content=\"Xestadem\" \/>\n<meta property=\"article:modified_time\" content=\"2025-07-08T12:50:31+00:00\" \/>\n<meta name=\"twitter:card\" content=\"summary_large_image\" \/>\n<meta name=\"twitter:label1\" content=\"Est. reading time\" \/>\n\t<meta name=\"twitter:data1\" content=\"4 minutes\" \/>\n<script type=\"application\/ld+json\" class=\"yoast-schema-graph\">{\"@context\":\"https:\/\/schema.org\",\"@graph\":[{\"@type\":\"WebPage\",\"@id\":\"https:\/\/xestadem.com\/equipo\/\",\"url\":\"https:\/\/xestadem.com\/equipo\/\",\"name\":\"Despacho de Abogados | Despacho de Abogados en A Coru\u00f1a Xestadem\",\"isPartOf\":{\"@id\":\"https:\/\/xestadem.com\/#website\"},\"datePublished\":\"2023-10-27T10:29:36+00:00\",\"dateModified\":\"2025-07-08T12:50:31+00:00\",\"description\":\"Despacho de abogados en A Coru\u00f1a Xestadem: Nuestro equipo experto brinda soluciones legales confiables y personalizadas. \u00a1Cont\u00e1ctanos hoy mismo!\",\"breadcrumb\":{\"@id\":\"https:\/\/xestadem.com\/equipo\/#breadcrumb\"},\"inLanguage\":\"en-US\",\"potentialAction\":[{\"@type\":\"ReadAction\",\"target\":[\"https:\/\/xestadem.com\/equipo\/\"]}]},{\"@type\":\"BreadcrumbList\",\"@id\":\"https:\/\/xestadem.com\/equipo\/#breadcrumb\",\"itemListElement\":[{\"@type\":\"ListItem\",\"position\":1,\"name\":\"Portada\",\"item\":\"https:\/\/xestadem.com\/\"},{\"@type\":\"ListItem\",\"position\":2,\"name\":\"Equipo\"}]},{\"@type\":\"WebSite\",\"@id\":\"https:\/\/xestadem.com\/#website\",\"url\":\"https:\/\/xestadem.com\/\",\"name\":\"Xestadem\",\"description\":\"Xesti\u00f3n e Administraci\u00f3n de Empresas\",\"publisher\":{\"@id\":\"https:\/\/xestadem.com\/#organization\"},\"potentialAction\":[{\"@type\":\"SearchAction\",\"target\":{\"@type\":\"EntryPoint\",\"urlTemplate\":\"https:\/\/xestadem.com\/?s={search_term_string}\"},\"query-input\":{\"@type\":\"PropertyValueSpecification\",\"valueRequired\":true,\"valueName\":\"search_term_string\"}}],\"inLanguage\":\"en-US\"},{\"@type\":\"Organization\",\"@id\":\"https:\/\/xestadem.com\/#organization\",\"name\":\"Xestadem\",\"url\":\"https:\/\/xestadem.com\/\",\"logo\":{\"@type\":\"ImageObject\",\"inLanguage\":\"en-US\",\"@id\":\"https:\/\/xestadem.com\/#\/schema\/logo\/image\/\",\"url\":\"https:\/\/xestadem.com\/wp-content\/uploads\/2023\/10\/logo-xestadem.png\",\"contentUrl\":\"https:\/\/xestadem.com\/wp-content\/uploads\/2023\/10\/logo-xestadem.png\",\"width\":280,\"height\":107,\"caption\":\"Xestadem\"},\"image\":{\"@id\":\"https:\/\/xestadem.com\/#\/schema\/logo\/image\/\"}}]}<\/script>\n<!-- \/ Yoast SEO plugin. -->","yoast_head_json":{"title":"Despacho de Abogados | Despacho de Abogados en A Coru\u00f1a Xestadem","description":"Despacho de abogados en A Coru\u00f1a Xestadem: Nuestro equipo experto brinda soluciones legales confiables y personalizadas. \u00a1Cont\u00e1ctanos hoy mismo!","robots":{"index":"index","follow":"follow","max-snippet":"max-snippet:-1","max-image-preview":"max-image-preview:large","max-video-preview":"max-video-preview:-1"},"canonical":"https:\/\/xestadem.com\/en\/equipo\/","og_locale":"en_US","og_type":"article","og_title":"Despacho de Abogados | Despacho de Abogados en A Coru\u00f1a Xestadem","og_description":"Despacho de abogados en A Coru\u00f1a Xestadem: Nuestro equipo experto brinda soluciones legales confiables y personalizadas. \u00a1Cont\u00e1ctanos hoy mismo!","og_url":"https:\/\/xestadem.com\/en\/equipo\/","og_site_name":"Xestadem","article_modified_time":"2025-07-08T12:50:31+00:00","twitter_card":"summary_large_image","twitter_misc":{"Est. reading time":"4 minutes"},"schema":{"@context":"https:\/\/schema.org","@graph":[{"@type":"WebPage","@id":"https:\/\/xestadem.com\/equipo\/","url":"https:\/\/xestadem.com\/equipo\/","name":"Despacho de Abogados | Despacho de Abogados en A Coru\u00f1a Xestadem","isPartOf":{"@id":"https:\/\/xestadem.com\/#website"},"datePublished":"2023-10-27T10:29:36+00:00","dateModified":"2025-07-08T12:50:31+00:00","description":"Despacho de abogados en A Coru\u00f1a Xestadem: Nuestro equipo experto brinda soluciones legales confiables y personalizadas. \u00a1Cont\u00e1ctanos hoy mismo!","breadcrumb":{"@id":"https:\/\/xestadem.com\/equipo\/#breadcrumb"},"inLanguage":"en-US","potentialAction":[{"@type":"ReadAction","target":["https:\/\/xestadem.com\/equipo\/"]}]},{"@type":"BreadcrumbList","@id":"https:\/\/xestadem.com\/equipo\/#breadcrumb","itemListElement":[{"@type":"ListItem","position":1,"name":"Portada","item":"https:\/\/xestadem.com\/"},{"@type":"ListItem","position":2,"name":"Equipo"}]},{"@type":"WebSite","@id":"https:\/\/xestadem.com\/#website","url":"https:\/\/xestadem.com\/","name":"Xestadem","description":"Xesti\u00f3n e Administraci\u00f3n de Empresas","publisher":{"@id":"https:\/\/xestadem.com\/#organization"},"potentialAction":[{"@type":"SearchAction","target":{"@type":"EntryPoint","urlTemplate":"https:\/\/xestadem.com\/?s={search_term_string}"},"query-input":{"@type":"PropertyValueSpecification","valueRequired":true,"valueName":"search_term_string"}}],"inLanguage":"en-US"},{"@type":"Organization","@id":"https:\/\/xestadem.com\/#organization","name":"Xestadem","url":"https:\/\/xestadem.com\/","logo":{"@type":"ImageObject","inLanguage":"en-US","@id":"https:\/\/xestadem.com\/#\/schema\/logo\/image\/","url":"https:\/\/xestadem.com\/wp-content\/uploads\/2023\/10\/logo-xestadem.png","contentUrl":"https:\/\/xestadem.com\/wp-content\/uploads\/2023\/10\/logo-xestadem.png","width":280,"height":107,"caption":"Xestadem"},"image":{"@id":"https:\/\/xestadem.com\/#\/schema\/logo\/image\/"}}]}},"_links":{"self":[{"href":"https:\/\/xestadem.com\/en\/wp-json\/wp\/v2\/pages\/44","targetHints":{"allow":["GET"]}}],"collection":[{"href":"https:\/\/xestadem.com\/en\/wp-json\/wp\/v2\/pages"}],"about":[{"href":"https:\/\/xestadem.com\/en\/wp-json\/wp\/v2\/types\/page"}],"author":[{"embeddable":true,"href":"https:\/\/xestadem.com\/en\/wp-json\/wp\/v2\/users\/3"}],"replies":[{"embeddable":true,"href":"https:\/\/xestadem.com\/en\/wp-json\/wp\/v2\/comments?post=44"}],"version-history":[{"count":27,"href":"https:\/\/xestadem.com\/en\/wp-json\/wp\/v2\/pages\/44\/revisions"}],"predecessor-version":[{"id":2825,"href":"https:\/\/xestadem.com\/en\/wp-json\/wp\/v2\/pages\/44\/revisions\/2825"}],"wp:attachment":[{"href":"https:\/\/xestadem.com\/en\/wp-json\/wp\/v2\/media?parent=44"}],"curies":[{"name":"wp","href":"https:\/\/api.w.org\/{rel}","templated":true}]}}